{"id":16874,"date":"2022-05-13T12:45:59","date_gmt":"2022-05-13T10:45:59","guid":{"rendered":"https:\/\/www.myecole.it\/ooc\/?page_id=16874"},"modified":"2022-05-13T13:04:40","modified_gmt":"2022-05-13T11:04:40","slug":"3loe-three-level-centers-of-professional-excellence-qualification-entrepreneurship-and-innovation-in-the-green-economy","status":"publish","type":"page","link":"https:\/\/www.myecole.it\/ooc\/progetti-europei\/our-projects\/3loe-three-level-centers-of-professional-excellence-qualification-entrepreneurship-and-innovation-in-the-green-economy\/","title":{"rendered":"3LOE THREE-LEVEL CENTERS OF PROFESSIONAL EXCELLENCE: QUALIFICATION, ENTREPRENEURSHIP AND INNOVATION IN THE GREEN ECONOMY"},"content":{"rendered":"\t\t<div data-elementor-type=\"wp-page\" data-elementor-id=\"16874\" class=\"elementor elementor-16874\" data-elementor-settings=\"[]\">\n\t\t\t\t\t\t<div class=\"elementor-inner\">\n\t\t\t\t\t\t\t<div class=\"elementor-section-wrap\">\n\t\t\t\t\t\t\t<section class=\"elementor-section elementor-top-section elementor-element elementor-element-60778ab4 elementor-section-boxed elementor-section-height-default elementor-section-height-default\" data-id=\"60778ab4\" data-element_type=\"section\">\n\t\t\t\t\t\t<div class=\"elementor-container elementor-column-gap-default\">\n\t\t\t\t\t\t\t<div class=\"elementor-row\">\n\t\t\t\t\t<div class=\"elementor-column elementor-col-100 elementor-top-column elementor-element elementor-element-56880f16\" data-id=\"56880f16\" data-element_type=\"column\">\n\t\t\t<div class=\"elementor-column-wrap elementor-element-populated\">\n\t\t\t\t\t\t\t<div class=\"elementor-widget-wrap\">\n\t\t\t\t\t\t<div class=\"elementor-element elementor-element-9be1208 elementor-widget elementor-widget-image\" data-id=\"9be1208\" data-element_type=\"widget\" data-widget_type=\"image.default\">\n\t\t\t\t<div class=\"elementor-widget-container\">\n\t\t\t\t\t<div class=\"elementor-image\">\n\t\t\t\t\t\t\t\t\t\t<img loading=\"lazy\" decoding=\"async\" width=\"484\" height=\"316\" src=\"https:\/\/www.myecole.it\/ooc\/wp-content\/uploads\/2022\/05\/drff.png\" class=\"attachment-large size-large\" alt=\"\" srcset=\"https:\/\/www.myecole.it\/ooc\/wp-content\/uploads\/2022\/05\/drff.png 484w, https:\/\/www.myecole.it\/ooc\/wp-content\/uploads\/2022\/05\/drff-300x196.png 300w, https:\/\/www.myecole.it\/ooc\/wp-content\/uploads\/2022\/05\/drff-340x222.png 340w\" sizes=\"(max-width: 484px) 100vw, 484px\" \/>\t\t\t\t\t\t\t\t\t\t\t<\/div>\n\t\t\t\t<\/div>\n\t\t\t\t<\/div>\n\t\t\t\t\t\t<\/div>\n\t\t\t\t\t<\/div>\n\t\t<\/div>\n\t\t\t\t\t\t\t\t<\/div>\n\t\t\t\t\t<\/div>\n\t\t<\/section>\n\t\t\t\t<section class=\"elementor-section elementor-top-section elementor-element elementor-element-9abdbb0 elementor-section-boxed elementor-section-height-default elementor-section-height-default\" data-id=\"9abdbb0\" data-element_type=\"section\">\n\t\t\t\t\t\t<div class=\"elementor-container elementor-column-gap-default\">\n\t\t\t\t\t\t\t<div class=\"elementor-row\">\n\t\t\t\t\t<div class=\"elementor-column elementor-col-100 elementor-top-column elementor-element elementor-element-a3a2148\" data-id=\"a3a2148\" data-element_type=\"column\">\n\t\t\t<div class=\"elementor-column-wrap elementor-element-populated\">\n\t\t\t\t\t\t\t<div class=\"elementor-widget-wrap\">\n\t\t\t\t\t\t<div class=\"elementor-element elementor-element-117a665 elementor-widget elementor-widget-heading\" data-id=\"117a665\" data-element_type=\"widget\" data-widget_type=\"heading.default\">\n\t\t\t\t<div class=\"elementor-widget-container\">\n\t\t\t<h2 class=\"elementor-heading-title elementor-size-default\"><b>3 LoE _THREE-LEVEL CENTERS OF PROFESSIONAL EXCELLENCE:<\/b><\/h2>\t\t<\/div>\n\t\t\t\t<\/div>\n\t\t\t\t<div class=\"elementor-element elementor-element-c631ba5 elementor-widget elementor-widget-heading\" data-id=\"c631ba5\" data-element_type=\"widget\" data-widget_type=\"heading.default\">\n\t\t\t\t<div class=\"elementor-widget-container\">\n\t\t\t<h2 class=\"elementor-heading-title elementor-size-default\"><u>QUALIFICATION, ENTREPRENEURSHIP AND INNOVATION IN THE GREEN ECONOMY<\/u><\/h2>\t\t<\/div>\n\t\t\t\t<\/div>\n\t\t\t\t<div class=\"elementor-element elementor-element-59c9d8c elementor-widget elementor-widget-spacer\" data-id=\"59c9d8c\" data-element_type=\"widget\" data-widget_type=\"spacer.default\">\n\t\t\t\t<div class=\"elementor-widget-container\">\n\t\t\t\t\t<div class=\"elementor-spacer\">\n\t\t\t<div class=\"elementor-spacer-inner\"><\/div>\n\t\t<\/div>\n\t\t\t\t<\/div>\n\t\t\t\t<\/div>\n\t\t\t\t\t\t<\/div>\n\t\t\t\t\t<\/div>\n\t\t<\/div>\n\t\t\t\t\t\t\t\t<\/div>\n\t\t\t\t\t<\/div>\n\t\t<\/section>\n\t\t\t\t<section class=\"elementor-section elementor-top-section elementor-element elementor-element-52ac696 elementor-section-boxed elementor-section-height-default elementor-section-height-default\" data-id=\"52ac696\" data-element_type=\"section\">\n\t\t\t\t\t\t<div class=\"elementor-container elementor-column-gap-default\">\n\t\t\t\t\t\t\t<div class=\"elementor-row\">\n\t\t\t\t\t<div class=\"elementor-column elementor-col-100 elementor-top-column elementor-element elementor-element-87c346e\" data-id=\"87c346e\" data-element_type=\"column\">\n\t\t\t<div class=\"elementor-column-wrap elementor-element-populated\">\n\t\t\t\t\t\t\t<div class=\"elementor-widget-wrap\">\n\t\t\t\t\t\t<div class=\"elementor-element elementor-element-423cd92 elementor-widget elementor-widget-text-editor\" data-id=\"423cd92\" data-element_type=\"widget\" data-widget_type=\"text-editor.default\">\n\t\t\t\t<div class=\"elementor-widget-container\">\n\t\t\t\t\t<div class=\"elementor-text-editor elementor-clearfix\"><p><b>Erasmus+ CoVE (Centre of Vocational Excellents)<\/b><\/p><\/div>\n\t\t\t\t<\/div>\n\t\t\t\t<\/div>\n\t\t\t\t\t\t<\/div>\n\t\t\t\t\t<\/div>\n\t\t<\/div>\n\t\t\t\t\t\t\t\t<\/div>\n\t\t\t\t\t<\/div>\n\t\t<\/section>\n\t\t\t\t<section class=\"elementor-section elementor-top-section elementor-element elementor-element-2a563f4 elementor-section-boxed elementor-section-height-default elementor-section-height-default\" data-id=\"2a563f4\" data-element_type=\"section\">\n\t\t\t\t\t\t<div class=\"elementor-container elementor-column-gap-default\">\n\t\t\t\t\t\t\t<div class=\"elementor-row\">\n\t\t\t\t\t<div class=\"elementor-column elementor-col-50 elementor-top-column elementor-element elementor-element-5fdeb44\" data-id=\"5fdeb44\" data-element_type=\"column\">\n\t\t\t<div class=\"elementor-column-wrap elementor-element-populated\">\n\t\t\t\t\t\t\t<div class=\"elementor-widget-wrap\">\n\t\t\t\t\t\t<div class=\"elementor-element elementor-element-ac4b8d8 elementor-widget elementor-widget-text-editor\" data-id=\"ac4b8d8\" data-element_type=\"widget\" data-widget_type=\"text-editor.default\">\n\t\t\t\t<div class=\"elementor-widget-container\">\n\t\t\t\t\t<div class=\"elementor-text-editor elementor-clearfix\"><p>L&#8217;European Green Deal e l\u2019attuale sviluppo dell\u2019Economia mondiale impongono alle <b>PMI<\/b> europee la necessit\u00e0 di affrontare grandi sfide nei settori dell&#8217;<b>energia<\/b>, del <b>clima<\/b> e della <b>protezione dell&#8217;ambiente<\/b>. In considerazione dell&#8217;urgenza delle strategie da intraprendere e delle carenze professionali e imprenditoriali esistenti, il programma Erasmus Plus ha promosso 7 <b>CoVEs (Centre of Vocational Excellents)<\/b>.&nbsp;<\/p>\n<p><\/p><\/div>\n\t\t\t\t<\/div>\n\t\t\t\t<\/div>\n\t\t\t\t\t\t<\/div>\n\t\t\t\t\t<\/div>\n\t\t<\/div>\n\t\t\t\t<div class=\"elementor-column elementor-col-50 elementor-top-column elementor-element elementor-element-64ddb42\" data-id=\"64ddb42\" data-element_type=\"column\">\n\t\t\t<div class=\"elementor-column-wrap elementor-element-populated\">\n\t\t\t\t\t\t\t<div class=\"elementor-widget-wrap\">\n\t\t\t\t\t\t<div class=\"elementor-element elementor-element-c779985 elementor-widget elementor-widget-image\" data-id=\"c779985\" data-element_type=\"widget\" data-widget_type=\"image.default\">\n\t\t\t\t<div class=\"elementor-widget-container\">\n\t\t\t\t\t<div class=\"elementor-image\">\n\t\t\t\t\t\t\t\t\t\t<img loading=\"lazy\" decoding=\"async\" width=\"1280\" height=\"279\" src=\"https:\/\/www.myecole.it\/ooc\/wp-content\/uploads\/2022\/02\/chei-EU_logo-1280x279.png\" class=\"attachment-large size-large\" alt=\"\" srcset=\"https:\/\/www.myecole.it\/ooc\/wp-content\/uploads\/2022\/02\/chei-EU_logo-1280x279.png 1280w, https:\/\/www.myecole.it\/ooc\/wp-content\/uploads\/2022\/02\/chei-EU_logo-300x65.png 300w, https:\/\/www.myecole.it\/ooc\/wp-content\/uploads\/2022\/02\/chei-EU_logo-768x167.png 768w, https:\/\/www.myecole.it\/ooc\/wp-content\/uploads\/2022\/02\/chei-EU_logo-1536x335.png 1536w, https:\/\/www.myecole.it\/ooc\/wp-content\/uploads\/2022\/02\/chei-EU_logo-340x74.png 340w, https:\/\/www.myecole.it\/ooc\/wp-content\/uploads\/2022\/02\/chei-EU_logo.png 1720w\" sizes=\"(max-width: 1280px) 100vw, 1280px\" \/>\t\t\t\t\t\t\t\t\t\t\t<\/div>\n\t\t\t\t<\/div>\n\t\t\t\t<\/div>\n\t\t\t\t\t\t<\/div>\n\t\t\t\t\t<\/div>\n\t\t<\/div>\n\t\t\t\t\t\t\t\t<\/div>\n\t\t\t\t\t<\/div>\n\t\t<\/section>\n\t\t\t\t<section class=\"elementor-section elementor-top-section elementor-element elementor-element-16219a4 elementor-section-boxed elementor-section-height-default elementor-section-height-default\" data-id=\"16219a4\" data-element_type=\"section\">\n\t\t\t\t\t\t<div class=\"elementor-container elementor-column-gap-default\">\n\t\t\t\t\t\t\t<div class=\"elementor-row\">\n\t\t\t\t\t<div class=\"elementor-column elementor-col-100 elementor-top-column elementor-element elementor-element-cfc1a85\" data-id=\"cfc1a85\" data-element_type=\"column\">\n\t\t\t<div class=\"elementor-column-wrap elementor-element-populated\">\n\t\t\t\t\t\t\t<div class=\"elementor-widget-wrap\">\n\t\t\t\t\t\t<div class=\"elementor-element elementor-element-974006a elementor-widget elementor-widget-spacer\" data-id=\"974006a\" data-element_type=\"widget\" data-widget_type=\"spacer.default\">\n\t\t\t\t<div class=\"elementor-widget-container\">\n\t\t\t\t\t<div class=\"elementor-spacer\">\n\t\t\t<div class=\"elementor-spacer-inner\"><\/div>\n\t\t<\/div>\n\t\t\t\t<\/div>\n\t\t\t\t<\/div>\n\t\t\t\t<div class=\"elementor-element elementor-element-efa8973 elementor-widget elementor-widget-text-editor\" data-id=\"efa8973\" data-element_type=\"widget\" data-widget_type=\"text-editor.default\">\n\t\t\t\t<div class=\"elementor-widget-container\">\n\t\t\t\t\t<div class=\"elementor-text-editor elementor-clearfix\"><p>Tra questi, <b>ECOLE,<\/b>\u00a0per il tramite di <b>SFC, <\/b>partecipa<b>\u00a0<\/b>al progetto \u201c<u>3LoE Three-level centers of professional excellence: Qualification, entrepreneurship and innovation in the Green Economy<\/u>\u201d guidato da <b>HANSE PARLAMENT (Germania)<\/b>.<\/p><\/div>\n\t\t\t\t<\/div>\n\t\t\t\t<\/div>\n\t\t\t\t\t\t<\/div>\n\t\t\t\t\t<\/div>\n\t\t<\/div>\n\t\t\t\t\t\t\t\t<\/div>\n\t\t\t\t\t<\/div>\n\t\t<\/section>\n\t\t\t\t<section class=\"elementor-section elementor-top-section elementor-element elementor-element-a9866bb elementor-section-boxed elementor-section-height-default elementor-section-height-default\" data-id=\"a9866bb\" data-element_type=\"section\">\n\t\t\t\t\t\t<div class=\"elementor-container elementor-column-gap-default\">\n\t\t\t\t\t\t\t<div class=\"elementor-row\">\n\t\t\t\t\t<div class=\"elementor-column elementor-col-100 elementor-top-column elementor-element elementor-element-83a1e29\" data-id=\"83a1e29\" data-element_type=\"column\">\n\t\t\t<div class=\"elementor-column-wrap elementor-element-populated\">\n\t\t\t\t\t\t\t<div class=\"elementor-widget-wrap\">\n\t\t\t\t\t\t<div class=\"elementor-element elementor-element-65d2f3d elementor-widget elementor-widget-text-editor\" data-id=\"65d2f3d\" data-element_type=\"widget\" data-widget_type=\"text-editor.default\">\n\t\t\t\t<div class=\"elementor-widget-container\">\n\t\t\t\t\t<div class=\"elementor-text-editor elementor-clearfix\"><p>Tra i servizi che il progetto metter\u00e0 in piedi per il sostegno alle PMI e per lo svilupo dei sistemi integrati di Education e Lavoro, \u00e8 previsto:<\/p>\n<ul>\n<li>realizzare una<b> piattaforma di cooperazione transnazionale<\/b> che riunir\u00e0 Centri di Formazione, Imprese, Universit\u00e0, Centri di Ricerca e Innovazione del territorio, autorit\u00e0 locali con un interesse comune alla promozione dei settori e delle occupazioni per sostenere la Green Economy e le PMI.<\/li>\n<li>stabilire <b>relazioni forti e durature<\/b> sia a livello locale che transnazionale per la <b>Green Economy<\/b>, promuovendo interazioni reciprocamente vantaggiose tra formazione e lavoro<\/li>\n<li>promuovere una <b>formazione per la Green Economy<\/b> saldamente ancorata a quadri pi\u00f9 ampi di sviluppo regionale, innovazione e\/o strategie di specializzazione intelligente, costruire relazioni per favorire la formazione professionale, continua e superiore a sostegno dell&#8217;imprenditorialit\u00e0 e dell&#8217;innovazione<\/li>\n<\/ul><\/div>\n\t\t\t\t<\/div>\n\t\t\t\t<\/div>\n\t\t\t\t\t\t<\/div>\n\t\t\t\t\t<\/div>\n\t\t<\/div>\n\t\t\t\t\t\t\t\t<\/div>\n\t\t\t\t\t<\/div>\n\t\t<\/section>\n\t\t\t\t<section class=\"elementor-section elementor-top-section elementor-element elementor-element-7b62391 elementor-section-boxed elementor-section-height-default elementor-section-height-default\" data-id=\"7b62391\" data-element_type=\"section\">\n\t\t\t\t\t\t<div class=\"elementor-container elementor-column-gap-default\">\n\t\t\t\t\t\t\t<div class=\"elementor-row\">\n\t\t\t\t\t<div class=\"elementor-column elementor-col-100 elementor-top-column elementor-element elementor-element-10892f1\" data-id=\"10892f1\" data-element_type=\"column\">\n\t\t\t<div class=\"elementor-column-wrap elementor-element-populated\">\n\t\t\t\t\t\t\t<div class=\"elementor-widget-wrap\">\n\t\t\t\t\t\t<div class=\"elementor-element elementor-element-657bab6 elementor-widget elementor-widget-text-editor\" data-id=\"657bab6\" data-element_type=\"widget\" data-widget_type=\"text-editor.default\">\n\t\t\t\t<div class=\"elementor-widget-container\">\n\t\t\t\t\t<div class=\"elementor-text-editor elementor-clearfix\"><p>Il progetto coinvolge <b>7 Nazioni Europee<\/b>, <b>21 enti<\/b> provenienti da <u>Germania, Italia, Austria, Polonia, Lettonia, Lituania, Spagna<\/u>, durer\u00e0 <b>4 anni<\/b> e prevede la realizzazione di <u>3 cluster di attivit\u00e0<\/u> per l\u2019espansione della piattaforma di cooperazione transnazionale sulla Green Economy:<\/p>\n<ul>\n<li><b>Cluster 1: Teaching and Learning<\/b><\/li>\n<li><b>Cluster 2: Cooperation and Partnership<\/b><\/li>\n<li><b>Cluster 3: Management &amp; Financing<\/b><\/li>\n<\/ul><\/div>\n\t\t\t\t<\/div>\n\t\t\t\t<\/div>\n\t\t\t\t\t\t<\/div>\n\t\t\t\t\t<\/div>\n\t\t<\/div>\n\t\t\t\t\t\t\t\t<\/div>\n\t\t\t\t\t<\/div>\n\t\t<\/section>\n\t\t\t\t<section class=\"elementor-section elementor-top-section elementor-element elementor-element-6a987aa elementor-section-boxed elementor-section-height-default elementor-section-height-default\" data-id=\"6a987aa\" data-element_type=\"section\">\n\t\t\t\t\t\t<div class=\"elementor-container elementor-column-gap-default\">\n\t\t\t\t\t\t\t<div class=\"elementor-row\">\n\t\t\t\t\t<div class=\"elementor-column elementor-col-100 elementor-top-column elementor-element elementor-element-180b80a\" data-id=\"180b80a\" data-element_type=\"column\">\n\t\t\t<div class=\"elementor-column-wrap elementor-element-populated\">\n\t\t\t\t\t\t\t<div class=\"elementor-widget-wrap\">\n\t\t\t\t\t\t<div class=\"elementor-element elementor-element-2dd3e3b elementor-widget elementor-widget-spacer\" data-id=\"2dd3e3b\" data-element_type=\"widget\" data-widget_type=\"spacer.default\">\n\t\t\t\t<div class=\"elementor-widget-container\">\n\t\t\t\t\t<div class=\"elementor-spacer\">\n\t\t\t<div class=\"elementor-spacer-inner\"><\/div>\n\t\t<\/div>\n\t\t\t\t<\/div>\n\t\t\t\t<\/div>\n\t\t\t\t\t\t<\/div>\n\t\t\t\t\t<\/div>\n\t\t<\/div>\n\t\t\t\t\t\t\t\t<\/div>\n\t\t\t\t\t<\/div>\n\t\t<\/section>\n\t\t\t\t<section class=\"elementor-section elementor-top-section elementor-element elementor-element-2649eee elementor-section-boxed elementor-section-height-default elementor-section-height-default\" data-id=\"2649eee\" data-element_type=\"section\">\n\t\t\t\t\t\t<div class=\"elementor-container elementor-column-gap-default\">\n\t\t\t\t\t\t\t<div class=\"elementor-row\">\n\t\t\t\t\t<div class=\"elementor-column elementor-col-100 elementor-top-column elementor-element elementor-element-1c69b26\" data-id=\"1c69b26\" data-element_type=\"column\">\n\t\t\t<div class=\"elementor-column-wrap elementor-element-populated\">\n\t\t\t\t\t\t\t<div class=\"elementor-widget-wrap\">\n\t\t\t\t\t\t<div class=\"elementor-element elementor-element-e136894 elementor-widget elementor-widget-heading\" data-id=\"e136894\" data-element_type=\"widget\" data-widget_type=\"heading.default\">\n\t\t\t\t<div class=\"elementor-widget-container\">\n\t\t\t<h2 class=\"elementor-heading-title elementor-size-default\"><b>Le attivit\u00e0 di ECOLE<\/b><\/h2>\t\t<\/div>\n\t\t\t\t<\/div>\n\t\t\t\t<div class=\"elementor-element elementor-element-0c4e4c0 elementor-widget elementor-widget-text-editor\" data-id=\"0c4e4c0\" data-element_type=\"widget\" data-widget_type=\"text-editor.default\">\n\t\t\t\t<div class=\"elementor-widget-container\">\n\t\t\t\t\t<div class=\"elementor-text-editor elementor-clearfix\"><p>L&#8217;impegno di ECOLE nel corso del progetto si tradurr\u00e0 in una priorit\u00e0 di azione su questi pilastri:<\/p>\n<ul>\n<li>Scuole professionali che implementano la formazione e l&#8217;aggiornamento professionale duale al livello EQF 3-5 e al livello EQF 6 nell&#8217;ambito di programmi di studio duali.<\/li>\n<li>Collegi\/universit\u00e0 di livello EQF 3-5 che partecipano allo sviluppo di curricula e nuovi metodi di apprendimento, forniscono docenti, formazione per insegnanti e manager, ecc. Al livello EQF 6 saranno implementati programmi di laurea duale e progetti di innovazione per le PMI.<\/li>\n<\/ul><\/div>\n\t\t\t\t<\/div>\n\t\t\t\t<\/div>\n\t\t\t\t\t\t<\/div>\n\t\t\t\t\t<\/div>\n\t\t<\/div>\n\t\t\t\t\t\t\t\t<\/div>\n\t\t\t\t\t<\/div>\n\t\t<\/section>\n\t\t\t\t\t\t<\/div>\n\t\t\t\t\t\t<\/div>\n\t\t\t\t\t<\/div>\n\t\t","protected":false},"excerpt":{"rendered":"<p>3 LoE _THREE-LEVEL CENTERS OF PROFESSIONAL EXCELLENCE: QUALIFICATION, ENTREPRENEURSHIP AND INNOVATION IN THE GREEN ECONOMY Erasmus+ CoVE (Centre of Vocational Excellents) L&#8217;European Green Deal e l\u2019attuale sviluppo dell\u2019Economia mondiale impongono alle PMI europee la necessit\u00e0 di affrontare grandi sfide nei settori dell&#8217;energia, del clima e della protezione dell&#8217;ambiente. In considerazione dell&#8217;urgenza delle strategie da intraprendere.<\/p>\n","protected":false},"author":12,"featured_media":0,"parent":6305,"menu_order":0,"comment_status":"closed","ping_status":"closed","template":"","meta":{"footnotes":""},"_links":{"self":[{"href":"https:\/\/www.myecole.it\/ooc\/wp-json\/wp\/v2\/pages\/16874"}],"collection":[{"href":"https:\/\/www.myecole.it\/ooc\/wp-json\/wp\/v2\/pages"}],"about":[{"href":"https:\/\/www.myecole.it\/ooc\/wp-json\/wp\/v2\/types\/page"}],"author":[{"embeddable":true,"href":"https:\/\/www.myecole.it\/ooc\/wp-json\/wp\/v2\/users\/12"}],"replies":[{"embeddable":true,"href":"https:\/\/www.myecole.it\/ooc\/wp-json\/wp\/v2\/comments?post=16874"}],"version-history":[{"count":0,"href":"https:\/\/www.myecole.it\/ooc\/wp-json\/wp\/v2\/pages\/16874\/revisions"}],"up":[{"embeddable":true,"href":"https:\/\/www.myecole.it\/ooc\/wp-json\/wp\/v2\/pages\/6305"}],"wp:attachment":[{"href":"https:\/\/www.myecole.it\/ooc\/wp-json\/wp\/v2\/media?parent=16874"}],"curies":[{"name":"wp","href":"https:\/\/api.w.org\/{rel}","templated":true}]}}