{"id":20801,"date":"2025-01-21T15:58:26","date_gmt":"2025-01-21T14:58:26","guid":{"rendered":"https:\/\/www.myecole.it\/ooc\/?page_id=20801"},"modified":"2026-04-27T11:21:59","modified_gmt":"2026-04-27T09:21:59","slug":"bando-competenze-innovazione","status":"publish","type":"page","link":"https:\/\/www.myecole.it\/ooc\/finanziamenti\/finanziamenti-attivi\/bando-competenze-innovazione\/","title":{"rendered":"Bando COMPETENZE &#038; INNOVAZIONE"},"content":{"rendered":"\t\t<div data-elementor-type=\"wp-page\" data-elementor-id=\"20801\" class=\"elementor elementor-20801\" data-elementor-settings=\"[]\">\n\t\t\t\t\t\t<div class=\"elementor-inner\">\n\t\t\t\t\t\t\t<div class=\"elementor-section-wrap\">\n\t\t\t\t\t\t\t<section class=\"elementor-section elementor-top-section elementor-element elementor-element-3b11d21 elementor-section-boxed elementor-section-height-default elementor-section-height-default\" data-id=\"3b11d21\" data-element_type=\"section\">\n\t\t\t\t\t\t<div class=\"elementor-container elementor-column-gap-default\">\n\t\t\t\t\t\t\t<div class=\"elementor-row\">\n\t\t\t\t\t<div class=\"elementor-column elementor-col-100 elementor-top-column elementor-element elementor-element-f684f93\" data-id=\"f684f93\" data-element_type=\"column\">\n\t\t\t<div class=\"elementor-column-wrap elementor-element-populated\">\n\t\t\t\t\t\t\t<div class=\"elementor-widget-wrap\">\n\t\t\t\t\t\t<div class=\"elementor-element elementor-element-af5015e elementor-widget elementor-widget-image\" data-id=\"af5015e\" data-element_type=\"widget\" data-widget_type=\"image.default\">\n\t\t\t\t<div class=\"elementor-widget-container\">\n\t\t\t\t\t<div class=\"elementor-image\">\n\t\t\t\t\t\t\t\t\t\t<img loading=\"lazy\" decoding=\"async\" width=\"1280\" height=\"143\" src=\"https:\/\/www.myecole.it\/ooc\/wp-content\/uploads\/2023\/01\/Testata-trenino-loghi-1280x143.jpg\" class=\"attachment-large size-large\" alt=\"\" srcset=\"https:\/\/www.myecole.it\/ooc\/wp-content\/uploads\/2023\/01\/Testata-trenino-loghi-1280x143.jpg 1280w, https:\/\/www.myecole.it\/ooc\/wp-content\/uploads\/2023\/01\/Testata-trenino-loghi-300x33.jpg 300w, https:\/\/www.myecole.it\/ooc\/wp-content\/uploads\/2023\/01\/Testata-trenino-loghi-768x86.jpg 768w, https:\/\/www.myecole.it\/ooc\/wp-content\/uploads\/2023\/01\/Testata-trenino-loghi-1536x171.jpg 1536w, https:\/\/www.myecole.it\/ooc\/wp-content\/uploads\/2023\/01\/Testata-trenino-loghi-2048x228.jpg 2048w, https:\/\/www.myecole.it\/ooc\/wp-content\/uploads\/2023\/01\/Testata-trenino-loghi-340x38.jpg 340w\" sizes=\"(max-width: 1280px) 100vw, 1280px\" \/>\t\t\t\t\t\t\t\t\t\t\t<\/div>\n\t\t\t\t<\/div>\n\t\t\t\t<\/div>\n\t\t\t\t<div class=\"elementor-element elementor-element-2aac325 elementor-widget elementor-widget-heading\" data-id=\"2aac325\" data-element_type=\"widget\" data-widget_type=\"heading.default\">\n\t\t\t\t<div class=\"elementor-widget-container\">\n\t\t\t<h2 class=\"elementor-heading-title elementor-size-default\">Bando COMPETENZE &amp; INNOVAZIONE<br>\nPROGRAMMA REGIONALE FESR 2021-2027\nASSE 1 - \u201cUN\u2019EUROPA PI\u00d9 COMPETITIVA E INTELLIGENTE\u201d\nOBIETTIVO SPECIFICO 1.1 \u201cSviluppare e rafforzare le capacit\u00e0 di ricerca e di innovazione e l\u2019introduzione di tecnologie avanzate\u201d\nAZIONE 1.4.1 \u201cSviluppo delle competenze per la transizione industriale e la sostenibilit\u00e0 delle imprese\"\n<\/h2>\t\t<\/div>\n\t\t\t\t<\/div>\n\t\t\t\t\t\t<\/div>\n\t\t\t\t\t<\/div>\n\t\t<\/div>\n\t\t\t\t\t\t\t\t<\/div>\n\t\t\t\t\t<\/div>\n\t\t<\/section>\n\t\t\t\t<section class=\"elementor-section elementor-top-section elementor-element elementor-element-79f870c elementor-section-boxed elementor-section-height-default elementor-section-height-default\" data-id=\"79f870c\" data-element_type=\"section\">\n\t\t\t\t\t\t<div class=\"elementor-container elementor-column-gap-default\">\n\t\t\t\t\t\t\t<div class=\"elementor-row\">\n\t\t\t\t\t<div class=\"elementor-column elementor-col-100 elementor-top-column elementor-element elementor-element-ada26ed\" data-id=\"ada26ed\" data-element_type=\"column\">\n\t\t\t<div class=\"elementor-column-wrap elementor-element-populated\">\n\t\t\t\t\t\t\t<div class=\"elementor-widget-wrap\">\n\t\t\t\t\t\t<div class=\"elementor-element elementor-element-c274402 elementor-widget elementor-widget-text-editor\" data-id=\"c274402\" data-element_type=\"widget\" data-widget_type=\"text-editor.default\">\n\t\t\t\t<div class=\"elementor-widget-container\">\n\t\t\t\t\t<div class=\"elementor-text-editor elementor-clearfix\"><p>La misura \u00e8 finalizzata alla realizzazione di progetti di sviluppo delle competenze connessi a una strategia aziendale che favorisce la <strong>transizione industriale<\/strong> promuovendo i seguenti processi all\u2019interno dell\u2019impresa:<\/p>\n<p><em><strong>Linea A &#8211; Innovazione e transizione digitale:<\/strong><\/em> ammodernamento, trasformazione tecnologica e sviluppo dei pro-cessi con l\u2019obiettivo di renderli pi\u00f9 efficienti e sostenibili, in quantit\u00e0 e qualit\u00e0, anche utilizzando tecnologie digitali, rendendo la raccolta e valutazione dei dati di processo pi\u00f9 semplice, accessibile e rappre-sentativa. Pu\u00f2 prevedere, ad esempio, l\u2019applicazione dei principi e dei criteri della Sostenibilit\u00e0 Digitale, l\u2019introduzione di tecnologie abilitanti, quali Intelligenza Artificiale (AI), Big Data e Analytics, Cloud Com-puting, Internet of Things (IoT), Blockchain, Automazione dei processi aziendali (RPA), Realt\u00e0 Aumentata (AR) e Realt\u00e0 Virtuale (VR), Cybersecurity avanzata, 5G e connettivit\u00e0 avanzata, Sistemi di gestione delle relazioni con i clienti (CRM), per la digitalizzazione dei processi aziendali, l\u2019integrazione di tecnologie digitali in linea con gli obiettivi della Strategia Digitale per l\u2019Europa e il Piano Nazionale Transizione 4.0;<\/p>\n<p><em><strong>Linea B &#8211; Innovazione e transizione ecologica:<\/strong> <\/em>ammodernamento, trasformazione tecnologica e sviluppo dei pro-cessi volti a minimizzare l\u2019impatto sull\u2019ambiente con particolare focus all&#8217;adozione di modelli di economia circolare, di processi a minor impatto energetico o anche attraverso l\u2019adozione di strumenti per valutare e ridurre l\u2019impronta ambientale ed energetica dei prodotti e dei processi (ad es. Life Cycle Assessment \u2013 LCA, Life Cycle Costing \u2013 LCC, diagnosi energetiche, impronta ambientale, impronta di carbonio), la cer-tificazione ambientale di processo, prodotto o servizio o l\u2019implementazione di politiche ESG (Environ-mental, Social e Governance \u2013 ad esempio piani di investimento per migliorare le performance ESG).<\/p><\/div>\n\t\t\t\t<\/div>\n\t\t\t\t<\/div>\n\t\t\t\t\t\t<\/div>\n\t\t\t\t\t<\/div>\n\t\t<\/div>\n\t\t\t\t\t\t\t\t<\/div>\n\t\t\t\t\t<\/div>\n\t\t<\/section>\n\t\t\t\t<section class=\"elementor-section elementor-top-section elementor-element elementor-element-e34514e elementor-section-boxed elementor-section-height-default elementor-section-height-default\" data-id=\"e34514e\" data-element_type=\"section\">\n\t\t\t\t\t\t<div class=\"elementor-container elementor-column-gap-default\">\n\t\t\t\t\t\t\t<div class=\"elementor-row\">\n\t\t\t\t\t<div class=\"elementor-column elementor-col-100 elementor-top-column elementor-element elementor-element-1bd0161\" data-id=\"1bd0161\" data-element_type=\"column\">\n\t\t\t<div class=\"elementor-column-wrap elementor-element-populated\">\n\t\t\t\t\t\t\t<div class=\"elementor-widget-wrap\">\n\t\t\t\t\t\t<div class=\"elementor-element elementor-element-15b089d elementor-widget elementor-widget-heading\" data-id=\"15b089d\" data-element_type=\"widget\" data-widget_type=\"heading.default\">\n\t\t\t\t<div class=\"elementor-widget-container\">\n\t\t\t<h3 class=\"elementor-heading-title elementor-size-default\">Dotazione finanziaria<\/h3>\t\t<\/div>\n\t\t\t\t<\/div>\n\t\t\t\t\t\t<\/div>\n\t\t\t\t\t<\/div>\n\t\t<\/div>\n\t\t\t\t\t\t\t\t<\/div>\n\t\t\t\t\t<\/div>\n\t\t<\/section>\n\t\t\t\t<section class=\"elementor-section elementor-top-section elementor-element elementor-element-c81866f elementor-section-boxed elementor-section-height-default elementor-section-height-default\" data-id=\"c81866f\" data-element_type=\"section\">\n\t\t\t\t\t\t<div class=\"elementor-container elementor-column-gap-default\">\n\t\t\t\t\t\t\t<div class=\"elementor-row\">\n\t\t\t\t\t<div class=\"elementor-column elementor-col-100 elementor-top-column elementor-element elementor-element-ff0ffaf\" data-id=\"ff0ffaf\" data-element_type=\"column\">\n\t\t\t<div class=\"elementor-column-wrap elementor-element-populated\">\n\t\t\t\t\t\t\t<div class=\"elementor-widget-wrap\">\n\t\t\t\t\t\t<div class=\"elementor-element elementor-element-9b14735 elementor-widget elementor-widget-text-editor\" data-id=\"9b14735\" data-element_type=\"widget\" data-widget_type=\"text-editor.default\">\n\t\t\t\t<div class=\"elementor-widget-container\">\n\t\t\t\t\t<div class=\"elementor-text-editor elementor-clearfix\"><p><strong>\u20ac 6.000.000<\/strong> per la LINEA 1 \u2013 Potenziamento delle competenze<\/p>\n<p><strong>\u20ac 1.000.000<\/strong> per la LINEA 2 \u2013 Apprendistato alta formazione e ricerca<\/p><\/div>\n\t\t\t\t<\/div>\n\t\t\t\t<\/div>\n\t\t\t\t\t\t<\/div>\n\t\t\t\t\t<\/div>\n\t\t<\/div>\n\t\t\t\t\t\t\t\t<\/div>\n\t\t\t\t\t<\/div>\n\t\t<\/section>\n\t\t\t\t<section class=\"elementor-section elementor-top-section elementor-element elementor-element-541d74c elementor-section-boxed elementor-section-height-default elementor-section-height-default\" data-id=\"541d74c\" data-element_type=\"section\">\n\t\t\t\t\t\t<div class=\"elementor-container elementor-column-gap-default\">\n\t\t\t\t\t\t\t<div class=\"elementor-row\">\n\t\t\t\t\t<div class=\"elementor-column elementor-col-100 elementor-top-column elementor-element elementor-element-53df2d1\" data-id=\"53df2d1\" data-element_type=\"column\">\n\t\t\t<div class=\"elementor-column-wrap elementor-element-populated\">\n\t\t\t\t\t\t\t<div class=\"elementor-widget-wrap\">\n\t\t\t\t\t\t<div class=\"elementor-element elementor-element-40551c8 elementor-widget elementor-widget-heading\" data-id=\"40551c8\" data-element_type=\"widget\" data-widget_type=\"heading.default\">\n\t\t\t\t<div class=\"elementor-widget-container\">\n\t\t\t<h3 class=\"elementor-heading-title elementor-size-default\">I beneficiari<\/h3>\t\t<\/div>\n\t\t\t\t<\/div>\n\t\t\t\t\t\t<\/div>\n\t\t\t\t\t<\/div>\n\t\t<\/div>\n\t\t\t\t\t\t\t\t<\/div>\n\t\t\t\t\t<\/div>\n\t\t<\/section>\n\t\t\t\t<section class=\"elementor-section elementor-top-section elementor-element elementor-element-cece1e9 elementor-section-boxed elementor-section-height-default elementor-section-height-default\" data-id=\"cece1e9\" data-element_type=\"section\">\n\t\t\t\t\t\t<div class=\"elementor-container elementor-column-gap-default\">\n\t\t\t\t\t\t\t<div class=\"elementor-row\">\n\t\t\t\t\t<div class=\"elementor-column elementor-col-100 elementor-top-column elementor-element elementor-element-19a76b5\" data-id=\"19a76b5\" data-element_type=\"column\">\n\t\t\t<div class=\"elementor-column-wrap elementor-element-populated\">\n\t\t\t\t\t\t\t<div class=\"elementor-widget-wrap\">\n\t\t\t\t\t\t<div class=\"elementor-element elementor-element-8d0e0eb elementor-widget elementor-widget-text-editor\" data-id=\"8d0e0eb\" data-element_type=\"widget\" data-widget_type=\"text-editor.default\">\n\t\t\t\t<div class=\"elementor-widget-container\">\n\t\t\t\t\t<div class=\"elementor-text-editor elementor-clearfix\"><p>Possono presentare domanda di partecipazione al presente bando le imprese che, al momento della pre-sentazione della domanda e sino alla data di concessione dell\u2019agevolazione siano <strong>micro, piccole e medie im-prese (mPMI)<\/strong> e che hanno sede operativa in Lombardia. <br \/>I destinatari sono individuati per linea di intervento:<br \/><em><strong>LINEA 1 \u2013 Potenziamento delle competenze:<\/strong><\/em> dipendenti a tempo determinato, indeterminato a tempo pieno o parziale, collaboratori a progetto, amministratori, titolari e soci persone fisiche (escluse persone giuridiche) o imprenditori individuali che operano attivamente nella gestione dell\u2019impresa e sono coinvolti nella strategia aziendale per la transizione digitale e\/o ecologica sviluppata dall\u2019impresa beneficiaria e assegnati o da assegnare alla sede operativa in Lombardia attiva o da attivare.<br \/><strong><em>LINEA 2 \u2013 Apprendistato di alta formazione e ricerca:<\/em> <\/strong>giovani di et\u00e0 compresa tra i 18 ed i 29 anni, assunti con contratto di apprendistato ex art. 45 D.Lgs. 81\/2015 dall\u2019impresa beneficiaria, in possesso del titolo di studio per l\u2019iscrizione al percorso formativo cui \u00e8 finalizzato il contratto, coinvolti nella strategia aziendale di transizione ecologica e\/o digitale. La verifica del titolo di studio in ingresso \u00e8 svolta dall\u2019istituzione formativa in collaborazione con l\u2019impresa beneficiaria.<\/p>\n<p><span style=\"text-decoration: underline;\"><strong>Sono esclusi da questa misura le aziende che:<\/strong><\/span><\/p>\n<ol style=\"list-style-type: lower-alpha;\">\n<li>appartengono ai settori esclusi di cui all\u2019art. 1 del Regolamento (UE) n. 2831\/2023;<\/li>\n<li>operano in tutti i settori corrispondenti ai seguenti codici Istat Ateco 2007 primari o prevalenti:<br \/>\u2022Sezione A \u201cAgricoltura, silvicoltura e pesca\u201d;<br \/>\u2022Sezione C (codice 12) e sezione G (codici 46.35, 46.39.20, 46.21.21, 47.26) fabbricazione, trasformazione e commercializzazione del tabacco e dei prodotti del tabacco, riconducibili all\u2019art. 7 paragrafo 1 lettera c) del Regolamento (UE) n. 2021\/1058;<br \/>\u202247.78.94 commercio al dettaglio di articoli per adulti (sexy shop)<br \/>\u202292.00 attivit\u00e0 riguardanti le lotterie, le scommesse, le case da gioco<\/li>\n<li>si trovino in stato di liquidazione giudiziale, concordato liquidatorio, concordato semplificato, liquidazione controllata o in qualsiasi altra procedura estintiva equivalente secondo la normativa vigente<\/li>\n<\/ol><\/div>\n\t\t\t\t<\/div>\n\t\t\t\t<\/div>\n\t\t\t\t\t\t<\/div>\n\t\t\t\t\t<\/div>\n\t\t<\/div>\n\t\t\t\t\t\t\t\t<\/div>\n\t\t\t\t\t<\/div>\n\t\t<\/section>\n\t\t\t\t<section class=\"elementor-section elementor-top-section elementor-element elementor-element-d544546 elementor-section-boxed elementor-section-height-default elementor-section-height-default\" data-id=\"d544546\" data-element_type=\"section\">\n\t\t\t\t\t\t<div class=\"elementor-container elementor-column-gap-default\">\n\t\t\t\t\t\t\t<div class=\"elementor-row\">\n\t\t\t\t\t<div class=\"elementor-column elementor-col-100 elementor-top-column elementor-element elementor-element-0cdbf6a\" data-id=\"0cdbf6a\" data-element_type=\"column\">\n\t\t\t<div class=\"elementor-column-wrap elementor-element-populated\">\n\t\t\t\t\t\t\t<div class=\"elementor-widget-wrap\">\n\t\t\t\t\t\t<div class=\"elementor-element elementor-element-1309c99 elementor-widget elementor-widget-heading\" data-id=\"1309c99\" data-element_type=\"widget\" data-widget_type=\"heading.default\">\n\t\t\t\t<div class=\"elementor-widget-container\">\n\t\t\t<h3 class=\"elementor-heading-title elementor-size-default\">Timing<\/h3>\t\t<\/div>\n\t\t\t\t<\/div>\n\t\t\t\t\t\t<\/div>\n\t\t\t\t\t<\/div>\n\t\t<\/div>\n\t\t\t\t\t\t\t\t<\/div>\n\t\t\t\t\t<\/div>\n\t\t<\/section>\n\t\t\t\t<section class=\"elementor-section elementor-top-section elementor-element elementor-element-ad5a098 elementor-section-boxed elementor-section-height-default elementor-section-height-default\" data-id=\"ad5a098\" data-element_type=\"section\">\n\t\t\t\t\t\t<div class=\"elementor-container elementor-column-gap-default\">\n\t\t\t\t\t\t\t<div class=\"elementor-row\">\n\t\t\t\t\t<div class=\"elementor-column elementor-col-100 elementor-top-column elementor-element elementor-element-e8b87e7\" data-id=\"e8b87e7\" data-element_type=\"column\">\n\t\t\t<div class=\"elementor-column-wrap elementor-element-populated\">\n\t\t\t\t\t\t\t<div class=\"elementor-widget-wrap\">\n\t\t\t\t\t\t<div class=\"elementor-element elementor-element-496aa01 elementor-widget elementor-widget-text-editor\" data-id=\"496aa01\" data-element_type=\"widget\" data-widget_type=\"text-editor.default\">\n\t\t\t\t<div class=\"elementor-widget-container\">\n\t\t\t\t\t<div class=\"elementor-text-editor elementor-clearfix\"><p>Presentazioni a partire dal giorno <strong>8 aprile 2026 fino alle ore 12.00 del giorno 30 giugno 2027<\/strong> (salvo esaurimento risorse)<\/p><\/div>\n\t\t\t\t<\/div>\n\t\t\t\t<\/div>\n\t\t\t\t\t\t<\/div>\n\t\t\t\t\t<\/div>\n\t\t<\/div>\n\t\t\t\t\t\t\t\t<\/div>\n\t\t\t\t\t<\/div>\n\t\t<\/section>\n\t\t\t\t<section class=\"elementor-section elementor-top-section elementor-element elementor-element-11b3dd4 elementor-section-boxed elementor-section-height-default elementor-section-height-default\" data-id=\"11b3dd4\" data-element_type=\"section\">\n\t\t\t\t\t\t<div class=\"elementor-container elementor-column-gap-default\">\n\t\t\t\t\t\t\t<div class=\"elementor-row\">\n\t\t\t\t\t<div class=\"elementor-column elementor-col-100 elementor-top-column elementor-element elementor-element-77af49f\" data-id=\"77af49f\" data-element_type=\"column\">\n\t\t\t<div class=\"elementor-column-wrap elementor-element-populated\">\n\t\t\t\t\t\t\t<div class=\"elementor-widget-wrap\">\n\t\t\t\t\t\t<div class=\"elementor-element elementor-element-10c6d8e elementor-widget elementor-widget-heading\" data-id=\"10c6d8e\" data-element_type=\"widget\" data-widget_type=\"heading.default\">\n\t\t\t\t<div class=\"elementor-widget-container\">\n\t\t\t<h3 class=\"elementor-heading-title elementor-size-default\">Il vantaggio economico<\/h3>\t\t<\/div>\n\t\t\t\t<\/div>\n\t\t\t\t\t\t<\/div>\n\t\t\t\t\t<\/div>\n\t\t<\/div>\n\t\t\t\t\t\t\t\t<\/div>\n\t\t\t\t\t<\/div>\n\t\t<\/section>\n\t\t\t\t<section class=\"elementor-section elementor-top-section elementor-element elementor-element-ef9b011 elementor-section-boxed elementor-section-height-default elementor-section-height-default\" data-id=\"ef9b011\" data-element_type=\"section\">\n\t\t\t\t\t\t<div class=\"elementor-container elementor-column-gap-default\">\n\t\t\t\t\t\t\t<div class=\"elementor-row\">\n\t\t\t\t\t<div class=\"elementor-column elementor-col-100 elementor-top-column elementor-element elementor-element-8bd500e\" data-id=\"8bd500e\" data-element_type=\"column\">\n\t\t\t<div class=\"elementor-column-wrap elementor-element-populated\">\n\t\t\t\t\t\t\t<div class=\"elementor-widget-wrap\">\n\t\t\t\t\t\t<div class=\"elementor-element elementor-element-ad68a99 elementor-widget elementor-widget-text-editor\" data-id=\"ad68a99\" data-element_type=\"widget\" data-widget_type=\"text-editor.default\">\n\t\t\t\t<div class=\"elementor-widget-container\">\n\t\t\t\t\t<div class=\"elementor-text-editor elementor-clearfix\"><p>L\u2019agevolazione si configura come contributo a fondo perduto, nei limiti della dotazione finanziaria della misura, fino a un massimo di <strong>\u20ac 50.000<\/strong> per domanda. La percentuale del <strong>contributo concedibile \u00e8 pari all\u201980%<\/strong> calcolato sulle singole voci di spesa, entro i limiti dei massimali eventualmente previsti.<br \/>Ogni impresa potr\u00e0 presentare contemporaneamente un massimo di n. <strong>2<\/strong> domande per anno solare (entrambe sulla linea 1, entrambe sulla linea 2, ovvero una sulla linea 1 e una sulla linea 2)<br \/><br \/><\/p>\n<p><em><strong>LINEA 1:<\/strong> <\/em>Sono ammissibili le seguenti spese:<\/p>\n<ul>\n<li>Progetto di potenziamento delle competenze: Spese di consulenza per la predisposizione del Progetto fino ad una spesa massima ammissibile di \u20ac. 7.500 pari a \u20ac 6.000 di contributo<\/li>\n<li>Azioni formative: Spese riferite a servizi di formazione<\/li>\n<li>Servizi specialistici: Spese di consulenza per l\u2019inserimento temporaneo di Innovation manager o Esperto di innovazione con un contratto di almeno 6 mesi<\/li>\n<li>Attivit\u00e0 accessorie: Costi reali per l\u2019espletamento delle attivit\u00e0 fino ad una spesa massima ammissibile di \u20ac. 7.500 pari a \u20ac 6.000 di contributo<\/li>\n<li>Costi indiretti: 7 % dei costi diretti ammissibili (da 1. a 4.) ai sensi dell\u2019art. 54 lett. a) del Reg. (UE) 1060\/2021<\/li>\n<\/ul>\n<p><em><strong>LINEA 2:<\/strong> <\/em>Sono ammissibili le seguenti spese:<\/p>\n<ul>\n<li>Progetto di individuazione delle competenze: Spese di consulenza per la predisposizione del Progetto fino ad una spesa massima ammissibile di \u20ac. 7.500 pari a \u20ac 6.000 di contributo<\/li>\n<li>Formazione esterna nell\u2019ambito di apprendi-stati per il conseguimento di titoli (Laurea triennale, Laurea magistrale, laurea a ciclo unico, Master universitari di I e II livello, Dottorato di ricerca): Spese riferite a servizi di formazione fino ad una spesa massima ammissibile di 15.000 euro\/apprendista pari a \u20ac 12.000 \u20ac\/apprendista di contributo<\/li>\n<li>Formazione esterna nell\u2019ambito di apprendi-stati di ricerca (attivit\u00e0 di ricerca): Spese riferite a servizi di formazione erogata da altre istituzioni di formazione o di ricerca fino ad una spesa massima ammissibile di 1.875 euro\/apprendista pari a \u20ac 1.500 \u20ac\/apprendista di contributo<\/li>\n<li>Formazione interna: Attivit\u00e0 di affiancamento all\u2019apprendista da parte del tutor aziendale con riferimento al costo standard orario di 36,42 \u20ac\/h 8 fino ad un massimo di 240 ore<\/li>\n<li>Costi indiretti: 7 % dei costi diretti ammissibili (da 1. a 3.) ai sensi dell\u2019art. 54 lett. a) del Reg. (UE) 1060\/2021<\/li>\n<\/ul><\/div>\n\t\t\t\t<\/div>\n\t\t\t\t<\/div>\n\t\t\t\t\t\t<\/div>\n\t\t\t\t\t<\/div>\n\t\t<\/div>\n\t\t\t\t\t\t\t\t<\/div>\n\t\t\t\t\t<\/div>\n\t\t<\/section>\n\t\t\t\t<section class=\"elementor-section elementor-top-section elementor-element elementor-element-1d18fb7 elementor-section-boxed elementor-section-height-default elementor-section-height-default\" data-id=\"1d18fb7\" data-element_type=\"section\">\n\t\t\t\t\t\t<div class=\"elementor-container elementor-column-gap-default\">\n\t\t\t\t\t\t\t<div class=\"elementor-row\">\n\t\t\t\t\t<div class=\"elementor-column elementor-col-100 elementor-top-column elementor-element elementor-element-52d6fb7\" data-id=\"52d6fb7\" data-element_type=\"column\">\n\t\t\t<div class=\"elementor-column-wrap elementor-element-populated\">\n\t\t\t\t\t\t\t<div class=\"elementor-widget-wrap\">\n\t\t\t\t\t\t<div class=\"elementor-element elementor-element-904407b elementor-widget elementor-widget-heading\" data-id=\"904407b\" data-element_type=\"widget\" data-widget_type=\"heading.default\">\n\t\t\t\t<div class=\"elementor-widget-container\">\n\t\t\t<h3 class=\"elementor-heading-title elementor-size-default\">I vincoli<\/h3>\t\t<\/div>\n\t\t\t\t<\/div>\n\t\t\t\t\t\t<\/div>\n\t\t\t\t\t<\/div>\n\t\t<\/div>\n\t\t\t\t\t\t\t\t<\/div>\n\t\t\t\t\t<\/div>\n\t\t<\/section>\n\t\t\t\t<section class=\"elementor-section elementor-top-section elementor-element elementor-element-eb12865 elementor-section-boxed elementor-section-height-default elementor-section-height-default\" data-id=\"eb12865\" data-element_type=\"section\">\n\t\t\t\t\t\t<div class=\"elementor-container elementor-column-gap-default\">\n\t\t\t\t\t\t\t<div class=\"elementor-row\">\n\t\t\t\t\t<div class=\"elementor-column elementor-col-100 elementor-top-column elementor-element elementor-element-49f9486\" data-id=\"49f9486\" data-element_type=\"column\">\n\t\t\t<div class=\"elementor-column-wrap elementor-element-populated\">\n\t\t\t\t\t\t\t<div class=\"elementor-widget-wrap\">\n\t\t\t\t\t\t<div class=\"elementor-element elementor-element-45c88dc elementor-widget elementor-widget-text-editor\" data-id=\"45c88dc\" data-element_type=\"widget\" data-widget_type=\"text-editor.default\">\n\t\t\t\t<div class=\"elementor-widget-container\">\n\t\t\t\t\t<div class=\"elementor-text-editor elementor-clearfix\"><p>Regime <strong>Reg. 2831\/2023 &#8220;De Minimis&#8221;<\/strong> (max \u20ac 300.000 nel triennio)<\/p>\n<p>Per la fruizione del finanziamento, le imprese devono rivolgersi esclusivamente:<\/p>\n<ul>\n<li><em><strong>Per la\u00a0 LINEA 1:<\/strong><\/em> Universit\u00e0; Societ\u00e0 consortili che rilasciano titoli di studio universitari; Organismi di ricerca iscritti all\u2019Anagrafe Nazionale delle Ricerche; Istituti tecnologici superiori (ITS Academy); Enti e societ\u00e0 di formazione accreditati presso i sistemi regionali per la formazione professionale; Enti di formazione in possesso di certificazione ISO 9001 EA37, operanti nel settore da almeno 5 anni; Incubatori di impresa certificati iscritti alla sezione speciale del registro delle imprese; Competence Centers, selezionati tramite bando del Ministero delle Imprese e del Made in Italy; Centri di trasferimento tecnologico del Piano Industria 4.0; Digital Innovation Hub e Poli Europei di innovazione digitale (European Digital Innovation Hubs); Fondazioni universitarie riconosciute dal Ministero dell\u2019Universit\u00e0 e della Ricerca; Innovation Manager in possesso della certificazione UNI 11814:2021; Esperti Innovazione tecnologica iscritti al relativo Albo<\/li>\n<\/ul>\n<p>\u00a0<\/p>\n<ul>\n<li><em><strong>Per la LINEA 2:<\/strong> <\/em>Universit\u00e0; Societ\u00e0 consortili che rilasciano titoli di studio universitari; Organismi di ricerca iscritti all\u2019Anagrafe Nazionale delle Ricerche<\/li>\n<\/ul>\n<p>Nel caso in cui il soggetto beneficiario sia anche un soggetto di cui agli elenchi precedenti, non \u00e8 ammessa l\u2019attivit\u00e0 di formazione erogata ai propri dipendenti e auto-fatturata<\/p>\n<p>Le proposte progettuali oggetto di domanda di agevolazione devono avere importo minimo di <strong>\u20ac 10.000\u00a0<\/strong> \u00a0 \u00a0 \u00a0 \u00a0\u00a0<\/p>\n<p>Tutti i progetti, per entrambe le linee, dovranno essere rendicontati <strong>entro il 31\/12\/2028<\/strong><\/p>\n<p>I progetti si considerano efficacemente realizzati solo quando sono rendicontate spese ammissibili pari ad <strong>almeno il 75%<\/strong> delle spese del progetto, pena la decadenza totale del finanziamento.<\/p>\n<p>Il medesimo destinatario persona fisica non pu\u00f2 usufruire di servizi formativi finanziati su pi\u00f9 progetti presentati dalla stessa impresa.<\/p>\n<p>La durata prevista dei progetti presentati sulla Linea 1 va da un minimo di 3 mesi fino a 24 mesi (36 nel caso di Progetti per il potenziamento delle competenze che includano percorsi di dottorato di ricerca\/innovativo\/industriale). Per la Linea 2 va da un minimo di 6 mesi fino ad una durata massima che varia a seconda della tipologia di percorso attivato (max 48 mesi in caso di percorso di laurea a ciclo unico o di dottorato di ricerca).<\/p><\/div>\n\t\t\t\t<\/div>\n\t\t\t\t<\/div>\n\t\t\t\t\t\t<\/div>\n\t\t\t\t\t<\/div>\n\t\t<\/div>\n\t\t\t\t\t\t\t\t<\/div>\n\t\t\t\t\t<\/div>\n\t\t<\/section>\n\t\t\t\t\t\t<\/div>\n\t\t\t\t\t\t<\/div>\n\t\t\t\t\t<\/div>\n\t\t","protected":false},"excerpt":{"rendered":"<p>Bando COMPETENZE &amp; INNOVAZIONE PROGRAMMA REGIONALE FESR 2021-2027 ASSE 1 &#8211; \u201cUN\u2019EUROPA PI\u00d9 COMPETITIVA E INTELLIGENTE\u201d OBIETTIVO SPECIFICO 1.1 \u201cSviluppare e rafforzare le capacit\u00e0 di ricerca e di innovazione e l\u2019introduzione di tecnologie avanzate\u201d AZIONE 1.4.1 \u201cSviluppo delle competenze per la transizione industriale e la sostenibilit\u00e0 delle imprese&#8221; La misura \u00e8 finalizzata alla realizzazione di.<\/p>\n","protected":false},"author":6,"featured_media":0,"parent":16448,"menu_order":0,"comment_status":"closed","ping_status":"closed","template":"","meta":{"footnotes":""},"_links":{"self":[{"href":"https:\/\/www.myecole.it\/ooc\/wp-json\/wp\/v2\/pages\/20801"}],"collection":[{"href":"https:\/\/www.myecole.it\/ooc\/wp-json\/wp\/v2\/pages"}],"about":[{"href":"https:\/\/www.myecole.it\/ooc\/wp-json\/wp\/v2\/types\/page"}],"author":[{"embeddable":true,"href":"https:\/\/www.myecole.it\/ooc\/wp-json\/wp\/v2\/users\/6"}],"replies":[{"embeddable":true,"href":"https:\/\/www.myecole.it\/ooc\/wp-json\/wp\/v2\/comments?post=20801"}],"version-history":[{"count":11,"href":"https:\/\/www.myecole.it\/ooc\/wp-json\/wp\/v2\/pages\/20801\/revisions"}],"predecessor-version":[{"id":21953,"href":"https:\/\/www.myecole.it\/ooc\/wp-json\/wp\/v2\/pages\/20801\/revisions\/21953"}],"up":[{"embeddable":true,"href":"https:\/\/www.myecole.it\/ooc\/wp-json\/wp\/v2\/pages\/16448"}],"wp:attachment":[{"href":"https:\/\/www.myecole.it\/ooc\/wp-json\/wp\/v2\/media?parent=20801"}],"curies":[{"name":"wp","href":"https:\/\/api.w.org\/{rel}","templated":true}]}}