{"id":21805,"date":"2026-01-09T16:40:30","date_gmt":"2026-01-09T15:40:30","guid":{"rendered":"https:\/\/www.myecole.it\/ooc\/?page_id=21805"},"modified":"2026-01-09T17:02:04","modified_gmt":"2026-01-09T16:02:04","slug":"avviso-4-2025-intelligenza-artificiale","status":"publish","type":"page","link":"https:\/\/www.myecole.it\/ooc\/finanziamenti\/finanziamenti-attivi\/avviso-4-2025-intelligenza-artificiale\/","title":{"rendered":"Avviso 4\/2025 Intelligenza Artificiale"},"content":{"rendered":"\t\t<div data-elementor-type=\"wp-page\" data-elementor-id=\"21805\" class=\"elementor elementor-21805\" data-elementor-settings=\"[]\">\n\t\t\t\t\t\t<div class=\"elementor-inner\">\n\t\t\t\t\t\t\t<div class=\"elementor-section-wrap\">\n\t\t\t\t\t\t\t<section class=\"elementor-section elementor-top-section elementor-element elementor-element-3b11d21 elementor-section-boxed elementor-section-height-default elementor-section-height-default\" data-id=\"3b11d21\" data-element_type=\"section\">\n\t\t\t\t\t\t<div class=\"elementor-container elementor-column-gap-default\">\n\t\t\t\t\t\t\t<div class=\"elementor-row\">\n\t\t\t\t\t<div class=\"elementor-column elementor-col-100 elementor-top-column elementor-element elementor-element-f684f93\" data-id=\"f684f93\" data-element_type=\"column\">\n\t\t\t<div class=\"elementor-column-wrap elementor-element-populated\">\n\t\t\t\t\t\t\t<div class=\"elementor-widget-wrap\">\n\t\t\t\t\t\t<div class=\"elementor-element elementor-element-ff18f15 elementor-widget elementor-widget-image\" data-id=\"ff18f15\" data-element_type=\"widget\" data-widget_type=\"image.default\">\n\t\t\t\t<div class=\"elementor-widget-container\">\n\t\t\t\t\t<div class=\"elementor-image\">\n\t\t\t\t\t\t\t\t\t\t<img loading=\"lazy\" decoding=\"async\" width=\"422\" height=\"119\" src=\"https:\/\/www.myecole.it\/ooc\/wp-content\/uploads\/2019\/06\/Fondimpresa.png\" class=\"attachment-large size-large\" alt=\"\" srcset=\"https:\/\/www.myecole.it\/ooc\/wp-content\/uploads\/2019\/06\/Fondimpresa.png 422w, https:\/\/www.myecole.it\/ooc\/wp-content\/uploads\/2019\/06\/Fondimpresa-300x85.png 300w, https:\/\/www.myecole.it\/ooc\/wp-content\/uploads\/2019\/06\/Fondimpresa-340x96.png 340w\" sizes=\"(max-width: 422px) 100vw, 422px\" \/>\t\t\t\t\t\t\t\t\t\t\t<\/div>\n\t\t\t\t<\/div>\n\t\t\t\t<\/div>\n\t\t\t\t<div class=\"elementor-element elementor-element-2aac325 elementor-widget elementor-widget-heading\" data-id=\"2aac325\" data-element_type=\"widget\" data-widget_type=\"heading.default\">\n\t\t\t\t<div class=\"elementor-widget-container\">\n\t\t\t<h2 class=\"elementor-heading-title elementor-size-default\">Avviso 4\/2025 - Intelligenza Artificiale\n<\/h2>\t\t<\/div>\n\t\t\t\t<\/div>\n\t\t\t\t\t\t<\/div>\n\t\t\t\t\t<\/div>\n\t\t<\/div>\n\t\t\t\t\t\t\t\t<\/div>\n\t\t\t\t\t<\/div>\n\t\t<\/section>\n\t\t\t\t<section class=\"elementor-section elementor-top-section elementor-element elementor-element-79f870c elementor-section-boxed elementor-section-height-default elementor-section-height-default\" data-id=\"79f870c\" data-element_type=\"section\">\n\t\t\t\t\t\t<div class=\"elementor-container elementor-column-gap-default\">\n\t\t\t\t\t\t\t<div class=\"elementor-row\">\n\t\t\t\t\t<div class=\"elementor-column elementor-col-100 elementor-top-column elementor-element elementor-element-ada26ed\" data-id=\"ada26ed\" data-element_type=\"column\">\n\t\t\t<div class=\"elementor-column-wrap elementor-element-populated\">\n\t\t\t\t\t\t\t<div class=\"elementor-widget-wrap\">\n\t\t\t\t\t\t<div class=\"elementor-element elementor-element-c274402 elementor-widget elementor-widget-text-editor\" data-id=\"c274402\" data-element_type=\"widget\" data-widget_type=\"text-editor.default\">\n\t\t\t\t<div class=\"elementor-widget-container\">\n\t\t\t\t\t<div class=\"elementor-text-editor elementor-clearfix\"><p><em>L\u2019Avviso finanzia la realizzazione di Piani formativi aziendali o interaziendali rivolti alla formazione dei lavoratori delle aziende aderenti che stanno realizzando interventi o iniziative inerenti all\u2019adozione e all\u2019utilizzo dell\u2019Intelligenza Artificiale nei propri prodotti, processi o servizi.<\/em><\/p><\/div>\n\t\t\t\t<\/div>\n\t\t\t\t<\/div>\n\t\t\t\t\t\t<\/div>\n\t\t\t\t\t<\/div>\n\t\t<\/div>\n\t\t\t\t\t\t\t\t<\/div>\n\t\t\t\t\t<\/div>\n\t\t<\/section>\n\t\t\t\t<section class=\"elementor-section elementor-top-section elementor-element elementor-element-e34514e elementor-section-boxed elementor-section-height-default elementor-section-height-default\" data-id=\"e34514e\" data-element_type=\"section\">\n\t\t\t\t\t\t<div class=\"elementor-container elementor-column-gap-default\">\n\t\t\t\t\t\t\t<div class=\"elementor-row\">\n\t\t\t\t\t<div class=\"elementor-column elementor-col-100 elementor-top-column elementor-element elementor-element-1bd0161\" data-id=\"1bd0161\" data-element_type=\"column\">\n\t\t\t<div class=\"elementor-column-wrap elementor-element-populated\">\n\t\t\t\t\t\t\t<div class=\"elementor-widget-wrap\">\n\t\t\t\t\t\t<div class=\"elementor-element elementor-element-15b089d elementor-widget elementor-widget-heading\" data-id=\"15b089d\" data-element_type=\"widget\" data-widget_type=\"heading.default\">\n\t\t\t\t<div class=\"elementor-widget-container\">\n\t\t\t<h3 class=\"elementor-heading-title elementor-size-default\">Dotazione finanziaria<\/h3>\t\t<\/div>\n\t\t\t\t<\/div>\n\t\t\t\t\t\t<\/div>\n\t\t\t\t\t<\/div>\n\t\t<\/div>\n\t\t\t\t\t\t\t\t<\/div>\n\t\t\t\t\t<\/div>\n\t\t<\/section>\n\t\t\t\t<section class=\"elementor-section elementor-top-section elementor-element elementor-element-c81866f elementor-section-boxed elementor-section-height-default elementor-section-height-default\" data-id=\"c81866f\" data-element_type=\"section\">\n\t\t\t\t\t\t<div class=\"elementor-container elementor-column-gap-default\">\n\t\t\t\t\t\t\t<div class=\"elementor-row\">\n\t\t\t\t\t<div class=\"elementor-column elementor-col-100 elementor-top-column elementor-element elementor-element-ff0ffaf\" data-id=\"ff0ffaf\" data-element_type=\"column\">\n\t\t\t<div class=\"elementor-column-wrap elementor-element-populated\">\n\t\t\t\t\t\t\t<div class=\"elementor-widget-wrap\">\n\t\t\t\t\t\t<div class=\"elementor-element elementor-element-9b14735 elementor-widget elementor-widget-text-editor\" data-id=\"9b14735\" data-element_type=\"widget\" data-widget_type=\"text-editor.default\">\n\t\t\t\t<div class=\"elementor-widget-container\">\n\t\t\t\t\t<div class=\"elementor-text-editor elementor-clearfix\"><p><strong>\u20ac 5.000.000<\/strong><\/p><\/div>\n\t\t\t\t<\/div>\n\t\t\t\t<\/div>\n\t\t\t\t\t\t<\/div>\n\t\t\t\t\t<\/div>\n\t\t<\/div>\n\t\t\t\t\t\t\t\t<\/div>\n\t\t\t\t\t<\/div>\n\t\t<\/section>\n\t\t\t\t<section class=\"elementor-section elementor-top-section elementor-element elementor-element-541d74c elementor-section-boxed elementor-section-height-default elementor-section-height-default\" data-id=\"541d74c\" data-element_type=\"section\">\n\t\t\t\t\t\t<div class=\"elementor-container elementor-column-gap-default\">\n\t\t\t\t\t\t\t<div class=\"elementor-row\">\n\t\t\t\t\t<div class=\"elementor-column elementor-col-100 elementor-top-column elementor-element elementor-element-53df2d1\" data-id=\"53df2d1\" data-element_type=\"column\">\n\t\t\t<div class=\"elementor-column-wrap elementor-element-populated\">\n\t\t\t\t\t\t\t<div class=\"elementor-widget-wrap\">\n\t\t\t\t\t\t<div class=\"elementor-element elementor-element-40551c8 elementor-widget elementor-widget-heading\" data-id=\"40551c8\" data-element_type=\"widget\" data-widget_type=\"heading.default\">\n\t\t\t\t<div class=\"elementor-widget-container\">\n\t\t\t<h3 class=\"elementor-heading-title elementor-size-default\">I beneficiari<\/h3>\t\t<\/div>\n\t\t\t\t<\/div>\n\t\t\t\t\t\t<\/div>\n\t\t\t\t\t<\/div>\n\t\t<\/div>\n\t\t\t\t\t\t\t\t<\/div>\n\t\t\t\t\t<\/div>\n\t\t<\/section>\n\t\t\t\t<section class=\"elementor-section elementor-top-section elementor-element elementor-element-cece1e9 elementor-section-boxed elementor-section-height-default elementor-section-height-default\" data-id=\"cece1e9\" data-element_type=\"section\">\n\t\t\t\t\t\t<div class=\"elementor-container elementor-column-gap-default\">\n\t\t\t\t\t\t\t<div class=\"elementor-row\">\n\t\t\t\t\t<div class=\"elementor-column elementor-col-100 elementor-top-column elementor-element elementor-element-19a76b5\" data-id=\"19a76b5\" data-element_type=\"column\">\n\t\t\t<div class=\"elementor-column-wrap elementor-element-populated\">\n\t\t\t\t\t\t\t<div class=\"elementor-widget-wrap\">\n\t\t\t\t\t\t<div class=\"elementor-element elementor-element-8d0e0eb elementor-widget elementor-widget-text-editor\" data-id=\"8d0e0eb\" data-element_type=\"widget\" data-widget_type=\"text-editor.default\">\n\t\t\t\t<div class=\"elementor-widget-container\">\n\t\t\t\t\t<div class=\"elementor-text-editor elementor-clearfix\"><p>Tutti i lavoratori dipendenti (operai, impiegati, quadri), compresi gli apprendisti, occupati in imprese aderenti che stanno realizzando un progetto di IA. Sono inclusi anche i lavoratori in cassa integrazione o contratti di solidariet\u00e0, purch\u00e9 vi sia una finalit\u00e0 di reinserimento.<\/p><\/div>\n\t\t\t\t<\/div>\n\t\t\t\t<\/div>\n\t\t\t\t\t\t<\/div>\n\t\t\t\t\t<\/div>\n\t\t<\/div>\n\t\t\t\t\t\t\t\t<\/div>\n\t\t\t\t\t<\/div>\n\t\t<\/section>\n\t\t\t\t<section class=\"elementor-section elementor-top-section elementor-element elementor-element-d544546 elementor-section-boxed elementor-section-height-default elementor-section-height-default\" data-id=\"d544546\" data-element_type=\"section\">\n\t\t\t\t\t\t<div class=\"elementor-container elementor-column-gap-default\">\n\t\t\t\t\t\t\t<div class=\"elementor-row\">\n\t\t\t\t\t<div class=\"elementor-column elementor-col-100 elementor-top-column elementor-element elementor-element-0cdbf6a\" data-id=\"0cdbf6a\" data-element_type=\"column\">\n\t\t\t<div class=\"elementor-column-wrap elementor-element-populated\">\n\t\t\t\t\t\t\t<div class=\"elementor-widget-wrap\">\n\t\t\t\t\t\t<div class=\"elementor-element elementor-element-1309c99 elementor-widget elementor-widget-heading\" data-id=\"1309c99\" data-element_type=\"widget\" data-widget_type=\"heading.default\">\n\t\t\t\t<div class=\"elementor-widget-container\">\n\t\t\t<h3 class=\"elementor-heading-title elementor-size-default\">Timing<\/h3>\t\t<\/div>\n\t\t\t\t<\/div>\n\t\t\t\t\t\t<\/div>\n\t\t\t\t\t<\/div>\n\t\t<\/div>\n\t\t\t\t\t\t\t\t<\/div>\n\t\t\t\t\t<\/div>\n\t\t<\/section>\n\t\t\t\t<section class=\"elementor-section elementor-top-section elementor-element elementor-element-ad5a098 elementor-section-boxed elementor-section-height-default elementor-section-height-default\" data-id=\"ad5a098\" data-element_type=\"section\">\n\t\t\t\t\t\t<div class=\"elementor-container elementor-column-gap-default\">\n\t\t\t\t\t\t\t<div class=\"elementor-row\">\n\t\t\t\t\t<div class=\"elementor-column elementor-col-100 elementor-top-column elementor-element elementor-element-e8b87e7\" data-id=\"e8b87e7\" data-element_type=\"column\">\n\t\t\t<div class=\"elementor-column-wrap elementor-element-populated\">\n\t\t\t\t\t\t\t<div class=\"elementor-widget-wrap\">\n\t\t\t\t\t\t<div class=\"elementor-element elementor-element-496aa01 elementor-widget elementor-widget-text-editor\" data-id=\"496aa01\" data-element_type=\"widget\" data-widget_type=\"text-editor.default\">\n\t\t\t\t<div class=\"elementor-widget-container\">\n\t\t\t\t\t<div class=\"elementor-text-editor elementor-clearfix\"><p>A partire <strong>dalle ore 9.00 del 25 febbraio 2026<\/strong> fino <strong>alle ore 13.00 del 28 maggio 2026<\/strong>. La verifica di ammissibilit\u00e0 avviene in ordine cronologico di presentazione.<\/p><\/div>\n\t\t\t\t<\/div>\n\t\t\t\t<\/div>\n\t\t\t\t\t\t<\/div>\n\t\t\t\t\t<\/div>\n\t\t<\/div>\n\t\t\t\t\t\t\t\t<\/div>\n\t\t\t\t\t<\/div>\n\t\t<\/section>\n\t\t\t\t<section class=\"elementor-section elementor-top-section elementor-element elementor-element-11b3dd4 elementor-section-boxed elementor-section-height-default elementor-section-height-default\" data-id=\"11b3dd4\" data-element_type=\"section\">\n\t\t\t\t\t\t<div class=\"elementor-container elementor-column-gap-default\">\n\t\t\t\t\t\t\t<div class=\"elementor-row\">\n\t\t\t\t\t<div class=\"elementor-column elementor-col-100 elementor-top-column elementor-element elementor-element-77af49f\" data-id=\"77af49f\" data-element_type=\"column\">\n\t\t\t<div class=\"elementor-column-wrap elementor-element-populated\">\n\t\t\t\t\t\t\t<div class=\"elementor-widget-wrap\">\n\t\t\t\t\t\t<div class=\"elementor-element elementor-element-10c6d8e elementor-widget elementor-widget-heading\" data-id=\"10c6d8e\" data-element_type=\"widget\" data-widget_type=\"heading.default\">\n\t\t\t\t<div class=\"elementor-widget-container\">\n\t\t\t<h3 class=\"elementor-heading-title elementor-size-default\">Il vantaggio economico<\/h3>\t\t<\/div>\n\t\t\t\t<\/div>\n\t\t\t\t\t\t<\/div>\n\t\t\t\t\t<\/div>\n\t\t<\/div>\n\t\t\t\t\t\t\t\t<\/div>\n\t\t\t\t\t<\/div>\n\t\t<\/section>\n\t\t\t\t<section class=\"elementor-section elementor-top-section elementor-element elementor-element-ef9b011 elementor-section-boxed elementor-section-height-default elementor-section-height-default\" data-id=\"ef9b011\" data-element_type=\"section\">\n\t\t\t\t\t\t<div class=\"elementor-container elementor-column-gap-default\">\n\t\t\t\t\t\t\t<div class=\"elementor-row\">\n\t\t\t\t\t<div class=\"elementor-column elementor-col-100 elementor-top-column elementor-element elementor-element-8bd500e\" data-id=\"8bd500e\" data-element_type=\"column\">\n\t\t\t<div class=\"elementor-column-wrap elementor-element-populated\">\n\t\t\t\t\t\t\t<div class=\"elementor-widget-wrap\">\n\t\t\t\t\t\t<div class=\"elementor-element elementor-element-ad68a99 elementor-widget elementor-widget-text-editor\" data-id=\"ad68a99\" data-element_type=\"widget\" data-widget_type=\"text-editor.default\">\n\t\t\t\t<div class=\"elementor-widget-container\">\n\t\t\t\t\t<div class=\"elementor-text-editor elementor-clearfix\"><p>Finanziamento massimo erogabile per ogni Piano formativo \u00e8 di \u20ac 150.000, con un minimo richiesto di \u20ac 40.000. <strong>Finanziamento max attribuibile alla singola azienda<\/strong> (al netto dell&#8217;apporto del proprio Conto Formazione) \u00e8 di <strong>\u20ac 50.000<\/strong>. \u00c8 previsto un parametro massimo di costo pari a <strong>\u20ac 200 per ora di corso<\/strong><\/p>\n<p>\u00a0<\/p><\/div>\n\t\t\t\t<\/div>\n\t\t\t\t<\/div>\n\t\t\t\t\t\t<\/div>\n\t\t\t\t\t<\/div>\n\t\t<\/div>\n\t\t\t\t\t\t\t\t<\/div>\n\t\t\t\t\t<\/div>\n\t\t<\/section>\n\t\t\t\t<section class=\"elementor-section elementor-top-section elementor-element elementor-element-1d18fb7 elementor-section-boxed elementor-section-height-default elementor-section-height-default\" data-id=\"1d18fb7\" data-element_type=\"section\">\n\t\t\t\t\t\t<div class=\"elementor-container elementor-column-gap-default\">\n\t\t\t\t\t\t\t<div class=\"elementor-row\">\n\t\t\t\t\t<div class=\"elementor-column elementor-col-100 elementor-top-column elementor-element elementor-element-52d6fb7\" data-id=\"52d6fb7\" data-element_type=\"column\">\n\t\t\t<div class=\"elementor-column-wrap elementor-element-populated\">\n\t\t\t\t\t\t\t<div class=\"elementor-widget-wrap\">\n\t\t\t\t\t\t<div class=\"elementor-element elementor-element-904407b elementor-widget elementor-widget-heading\" data-id=\"904407b\" data-element_type=\"widget\" data-widget_type=\"heading.default\">\n\t\t\t\t<div class=\"elementor-widget-container\">\n\t\t\t<h3 class=\"elementor-heading-title elementor-size-default\">I vincoli<\/h3>\t\t<\/div>\n\t\t\t\t<\/div>\n\t\t\t\t\t\t<\/div>\n\t\t\t\t\t<\/div>\n\t\t<\/div>\n\t\t\t\t\t\t\t\t<\/div>\n\t\t\t\t\t<\/div>\n\t\t<\/section>\n\t\t\t\t<section class=\"elementor-section elementor-top-section elementor-element elementor-element-eb12865 elementor-section-boxed elementor-section-height-default elementor-section-height-default\" data-id=\"eb12865\" data-element_type=\"section\">\n\t\t\t\t\t\t<div class=\"elementor-container elementor-column-gap-default\">\n\t\t\t\t\t\t\t<div class=\"elementor-row\">\n\t\t\t\t\t<div class=\"elementor-column elementor-col-100 elementor-top-column elementor-element elementor-element-49f9486\" data-id=\"49f9486\" data-element_type=\"column\">\n\t\t\t<div class=\"elementor-column-wrap elementor-element-populated\">\n\t\t\t\t\t\t\t<div class=\"elementor-widget-wrap\">\n\t\t\t\t\t\t<div class=\"elementor-element elementor-element-45c88dc elementor-widget elementor-widget-text-editor\" data-id=\"45c88dc\" data-element_type=\"widget\" data-widget_type=\"text-editor.default\">\n\t\t\t\t<div class=\"elementor-widget-container\">\n\t\t\t\t\t<div class=\"elementor-text-editor elementor-clearfix\"><p><strong>Oggetto della formazione:<\/strong> I piani devono riguardare esclusivamente progetti su soluzioni e applicazioni di IA che introducano cambiamenti significativi nei processi aziendali o nuovi prodotti\/servizi.<\/p>\n<p>Le aree di intervento ammesse includono <strong>Strategia &amp; Governance IA, Progettazione &amp; UX, Sviluppo &amp; Integrazione, Data Science &amp; Analytics, Sicurezza &amp; Compliance<\/strong>.<\/p>\n<p><strong>Definizione di IA:<\/strong> Si fa riferimento alla definizione dell&#8217;AI Act (Reg. UE 2024\/1689), escludendo miglioramenti marginali, mero acquisto di software standard senza formazione specifica o meri incrementi di capacit\u00e0 produttiva,.<\/p>\n<p><strong>Partecipazione minima:<\/strong> Il Piano deve prevedere la partecipazione di <strong>almeno 15 dipendenti.<\/strong><\/p>\n<p><strong>Durata corsi:<\/strong> Ciascuna azione formativa deve durare <strong>da un minimo di 8 a un massimo di 100 ore<\/strong>. Il singolo lavoratore pu\u00f2 frequentare al massimo 100 ore complessive.<\/p>\n<p><strong>Livello formativo:<\/strong> Sono ammesse <strong>azioni di livello avanzato o specialistico<\/strong>; il livello base \u00e8 consentito solo se strettamente connesso al progetto di IA,<\/p>\n<p><strong>Validit\u00e0 azioni formative:<\/strong> Ogni corso deve avere<strong> almeno 4 pax<\/strong> che partecipano ciascuno <strong>almeno al 70% delle ore previste<\/strong>;<\/p>\n<p><strong>Attestazione competenze acquisite:<\/strong> Obbligo per ciascun corso di certificazione delle competenze secondo la normativa regionale o, in mancanza, nelle forme indicate nell\u2019accordo di condivisione del Piano;<\/p>\n<p><strong>Fornitori formazione:<\/strong> Possono essere incaricati solo docenti con p.iva individuale (no societ\u00e0)<\/p>\n<p><strong>Valutazione ammissibilit\u00e0 del piano.<\/strong> Viene effettuata da Fondimpresa sulla base di una scala di valutazione. <strong>Il punteggio minimo<\/strong> per la finanziaziabilit\u00e0 \u00e8 di <strong>750\/1000<\/strong>;<\/p>\n<p><strong>Tipologia di Piano:<\/strong> Il Piano pu\u00f2 essere aziendale o interaziendale. Il piano interaziendale \u00e8 ammissibile solo se le imprese coinvolte appartengono alla stessa filiera e sono interessate dal medesimo progetto di IA.<\/p>\n<p><strong>Contributo dal Conto Formazione:<\/strong> Al finanziamento concorrono le risorse del <em>&#8220;Conto Formazione&#8221;<\/em> delle aziende beneficiarie (nella misura del 70% o 80% del finanziamento usufruito).<\/p>\n<p><strong>Soggetti Proponenti:<\/strong> Possono presentare il piano le imprese beneficiarie stesse o gli Enti qualificati iscritti nell&#8217;Elenco dei Soggetti Proponenti Qualificati<\/p>\n<p><strong>Tempistiche di realizzazione:<\/strong> <strong>Le attivit\u00e0 devono<\/strong> avviarsi entro 45 giorni dall&#8217;approvazione e<strong> concludersi entro 10 mes<\/strong>i con oblbigo dfi rendicontazione entro 12 mesi dall&#8217;approvazione,.<\/p>\n<p><strong>Aiuti di Stato:<\/strong> Il finanziamento \u00e8 soggetto al Regolamento UE 2023\/2831 &#8220;De Minimis&#8221; (max \u20ac 300.000 nel triennio) o al Regolamento di esenzione (UE) n. 651\/2014 (obbligo di cofinanziamento privato attraverso il costo del lavoro dei partecipanti alla formazione).<\/p><\/div>\n\t\t\t\t<\/div>\n\t\t\t\t<\/div>\n\t\t\t\t\t\t<\/div>\n\t\t\t\t\t<\/div>\n\t\t<\/div>\n\t\t\t\t\t\t\t\t<\/div>\n\t\t\t\t\t<\/div>\n\t\t<\/section>\n\t\t\t\t<section class=\"elementor-section elementor-top-section elementor-element elementor-element-8608b5a elementor-section-boxed elementor-section-height-default elementor-section-height-default\" data-id=\"8608b5a\" data-element_type=\"section\">\n\t\t\t\t\t\t<div class=\"elementor-container elementor-column-gap-default\">\n\t\t\t\t\t\t\t<div class=\"elementor-row\">\n\t\t\t\t\t<div class=\"elementor-column elementor-col-100 elementor-top-column elementor-element elementor-element-d587c00\" data-id=\"d587c00\" data-element_type=\"column\">\n\t\t\t<div class=\"elementor-column-wrap\">\n\t\t\t\t\t\t\t<div class=\"elementor-widget-wrap\">\n\t\t\t\t\t\t\t\t<\/div>\n\t\t\t\t\t<\/div>\n\t\t<\/div>\n\t\t\t\t\t\t\t\t<\/div>\n\t\t\t\t\t<\/div>\n\t\t<\/section>\n\t\t\t\t\t\t<\/div>\n\t\t\t\t\t\t<\/div>\n\t\t\t\t\t<\/div>\n\t\t","protected":false},"excerpt":{"rendered":"<p>Avviso 4\/2025 &#8211; Intelligenza Artificiale L\u2019Avviso finanzia la realizzazione di Piani formativi aziendali o interaziendali rivolti alla formazione dei lavoratori delle aziende aderenti che stanno realizzando interventi o iniziative inerenti all\u2019adozione e all\u2019utilizzo dell\u2019Intelligenza Artificiale nei propri prodotti, processi o servizi. Dotazione finanziaria \u20ac 5.000.000 I beneficiari Tutti i lavoratori dipendenti (operai, impiegati, quadri), compresi.<\/p>\n","protected":false},"author":6,"featured_media":0,"parent":16448,"menu_order":0,"comment_status":"closed","ping_status":"closed","template":"","meta":{"footnotes":""},"_links":{"self":[{"href":"https:\/\/www.myecole.it\/ooc\/wp-json\/wp\/v2\/pages\/21805"}],"collection":[{"href":"https:\/\/www.myecole.it\/ooc\/wp-json\/wp\/v2\/pages"}],"about":[{"href":"https:\/\/www.myecole.it\/ooc\/wp-json\/wp\/v2\/types\/page"}],"author":[{"embeddable":true,"href":"https:\/\/www.myecole.it\/ooc\/wp-json\/wp\/v2\/users\/6"}],"replies":[{"embeddable":true,"href":"https:\/\/www.myecole.it\/ooc\/wp-json\/wp\/v2\/comments?post=21805"}],"version-history":[{"count":6,"href":"https:\/\/www.myecole.it\/ooc\/wp-json\/wp\/v2\/pages\/21805\/revisions"}],"predecessor-version":[{"id":21814,"href":"https:\/\/www.myecole.it\/ooc\/wp-json\/wp\/v2\/pages\/21805\/revisions\/21814"}],"up":[{"embeddable":true,"href":"https:\/\/www.myecole.it\/ooc\/wp-json\/wp\/v2\/pages\/16448"}],"wp:attachment":[{"href":"https:\/\/www.myecole.it\/ooc\/wp-json\/wp\/v2\/media?parent=21805"}],"curies":[{"name":"wp","href":"https:\/\/api.w.org\/{rel}","templated":true}]}}