{"id":389,"date":"2015-03-02T15:55:01","date_gmt":"2015-03-02T14:55:01","guid":{"rendered":"https:\/\/www.myecole.it\/ooc\/?page_id=389"},"modified":"2020-10-05T15:47:49","modified_gmt":"2020-10-05T13:47:49","slug":"approfondimenti","status":"publish","type":"page","link":"https:\/\/www.myecole.it\/ooc\/approfondimenti\/","title":{"rendered":"Ricerche e approfondimenti"},"content":{"rendered":"\t\t<div data-elementor-type=\"wp-post\" data-elementor-id=\"389\" class=\"elementor elementor-389\" data-elementor-settings=\"[]\">\n\t\t\t\t\t\t<div class=\"elementor-inner\">\n\t\t\t\t\t\t\t<div class=\"elementor-section-wrap\">\n\t\t\t\t\t\t\t<section class=\"elementor-section elementor-top-section elementor-element elementor-element-b18cbdc elementor-section-stretched elementor-hidden-desktop elementor-hidden-tablet elementor-hidden-phone elementor-section-boxed elementor-section-height-default elementor-section-height-default\" data-id=\"b18cbdc\" data-element_type=\"section\" data-settings=\"{&quot;stretch_section&quot;:&quot;section-stretched&quot;}\">\n\t\t\t\t\t\t<div class=\"elementor-container elementor-column-gap-default\">\n\t\t\t\t\t\t\t<div class=\"elementor-row\">\n\t\t\t\t\t<div class=\"elementor-column elementor-col-100 elementor-top-column elementor-element elementor-element-68ee8f2\" data-id=\"68ee8f2\" data-element_type=\"column\">\n\t\t\t<div class=\"elementor-column-wrap elementor-element-populated\">\n\t\t\t\t\t\t\t<div class=\"elementor-widget-wrap\">\n\t\t\t\t\t\t<div class=\"elementor-element elementor-element-b82c0cc elementor-widget elementor-widget-lae-heading\" data-id=\"b82c0cc\" data-element_type=\"widget\" data-widget_type=\"lae-heading.default\">\n\t\t\t\t<div class=\"elementor-widget-container\">\n\t\t\t\n   <!--       -->\n\n        <div class=\"lae-heading lae-style3 lae-aligncenter\" >\n\n            \n            <h1 class=\"lae-title\">Ricerche e approfondimenti<\/h1>\n\n            \n        <\/div>\n\n        \t\t<\/div>\n\t\t\t\t<\/div>\n\t\t\t\t\t\t<\/div>\n\t\t\t\t\t<\/div>\n\t\t<\/div>\n\t\t\t\t\t\t\t\t<\/div>\n\t\t\t\t\t<\/div>\n\t\t<\/section>\n\t\t\t\t<section class=\"elementor-section elementor-top-section elementor-element elementor-element-5df88957 elementor-section-full_width elementor-section-height-min-height elementor-section-items-bottom elementor-section-stretched elementor-section-height-default\" data-id=\"5df88957\" data-element_type=\"section\" data-settings=\"{&quot;background_background&quot;:&quot;classic&quot;,&quot;stretch_section&quot;:&quot;section-stretched&quot;}\">\n\t\t\t\t\t\t<div class=\"elementor-container elementor-column-gap-no\">\n\t\t\t\t\t\t\t<div class=\"elementor-row\">\n\t\t\t\t\t<div class=\"elementor-column elementor-col-100 elementor-top-column elementor-element elementor-element-5c5d49fc\" data-id=\"5c5d49fc\" data-element_type=\"column\">\n\t\t\t<div class=\"elementor-column-wrap elementor-element-populated\">\n\t\t\t\t\t\t\t<div class=\"elementor-widget-wrap\">\n\t\t\t\t\t\t<div class=\"elementor-element elementor-element-d4e9307 elementor-widget elementor-widget-lae-heading\" data-id=\"d4e9307\" data-element_type=\"widget\" data-widget_type=\"lae-heading.default\">\n\t\t\t\t<div class=\"elementor-widget-container\">\n\t\t\t\n   <!--       -->\n\n        <div class=\"lae-heading lae-style2 lae-aligncenter\" >\n\n            \n                <div class=\"lae-subtitle\">studi<\/div>\n\n            \n            <h1 class=\"lae-title\">Ricerche e approfondimenti<\/h1>\n\n            \n        <\/div>\n\n        \t\t<\/div>\n\t\t\t\t<\/div>\n\t\t\t\t<section class=\"elementor-section elementor-inner-section elementor-element elementor-element-4fb05f5b elementor-section-full_width elementor-section-height-default elementor-section-content-middle elementor-section-height-default\" data-id=\"4fb05f5b\" data-element_type=\"section\" data-settings=\"{&quot;background_background&quot;:&quot;classic&quot;}\">\n\t\t\t\t\t\t<div class=\"elementor-container elementor-column-gap-default\">\n\t\t\t\t\t\t\t<div class=\"elementor-row\">\n\t\t\t\t\t<div class=\"elementor-column elementor-col-33 elementor-inner-column elementor-element elementor-element-28d63173\" data-id=\"28d63173\" data-element_type=\"column\">\n\t\t\t<div class=\"elementor-column-wrap elementor-element-populated\">\n\t\t\t\t\t\t\t<div class=\"elementor-widget-wrap\">\n\t\t\t\t\t\t<div class=\"elementor-element elementor-element-3aace4b9 elementor-widget elementor-widget-heading\" data-id=\"3aace4b9\" data-element_type=\"widget\" data-widget_type=\"heading.default\">\n\t\t\t\t<div class=\"elementor-widget-container\">\n\t\t\t<h2 class=\"elementor-heading-title elementor-size-large\">Apprendere ad apprendere<\/h2>\t\t<\/div>\n\t\t\t\t<\/div>\n\t\t\t\t\t\t<\/div>\n\t\t\t\t\t<\/div>\n\t\t<\/div>\n\t\t\t\t<div class=\"elementor-column elementor-col-33 elementor-inner-column elementor-element elementor-element-9468b18\" data-id=\"9468b18\" data-element_type=\"column\">\n\t\t\t<div class=\"elementor-column-wrap\">\n\t\t\t\t\t\t\t<div class=\"elementor-widget-wrap\">\n\t\t\t\t\t\t\t\t<\/div>\n\t\t\t\t\t<\/div>\n\t\t<\/div>\n\t\t\t\t<div class=\"elementor-column elementor-col-33 elementor-inner-column elementor-element elementor-element-26fa3500\" data-id=\"26fa3500\" data-element_type=\"column\">\n\t\t\t<div class=\"elementor-column-wrap\">\n\t\t\t\t\t\t\t<div class=\"elementor-widget-wrap\">\n\t\t\t\t\t\t\t\t<\/div>\n\t\t\t\t\t<\/div>\n\t\t<\/div>\n\t\t\t\t\t\t\t\t<\/div>\n\t\t\t\t\t<\/div>\n\t\t<\/section>\n\t\t\t\t\t\t<\/div>\n\t\t\t\t\t<\/div>\n\t\t<\/div>\n\t\t\t\t\t\t\t\t<\/div>\n\t\t\t\t\t<\/div>\n\t\t<\/section>\n\t\t\t\t<section class=\"elementor-section elementor-top-section elementor-element elementor-element-5624430d elementor-section-content-middle elementor-section-stretched elementor-section-boxed elementor-section-height-default elementor-section-height-default\" data-id=\"5624430d\" data-element_type=\"section\" data-settings=\"{&quot;stretch_section&quot;:&quot;section-stretched&quot;}\">\n\t\t\t\t\t\t<div class=\"elementor-container elementor-column-gap-no\">\n\t\t\t\t\t\t\t<div class=\"elementor-row\">\n\t\t\t\t\t<div class=\"elementor-column elementor-col-100 elementor-top-column elementor-element elementor-element-6e20f279\" data-id=\"6e20f279\" data-element_type=\"column\">\n\t\t\t<div class=\"elementor-column-wrap elementor-element-populated\">\n\t\t\t\t\t\t\t<div class=\"elementor-widget-wrap\">\n\t\t\t\t\t\t<section class=\"elementor-section elementor-inner-section elementor-element elementor-element-1bc4236f elementor-section-content-middle elementor-section-boxed elementor-section-height-default elementor-section-height-default\" data-id=\"1bc4236f\" data-element_type=\"section\">\n\t\t\t\t\t\t<div class=\"elementor-container elementor-column-gap-no\">\n\t\t\t\t\t\t\t<div class=\"elementor-row\">\n\t\t\t\t\t<div class=\"elementor-column elementor-col-33 elementor-inner-column elementor-element elementor-element-4d56a336\" data-id=\"4d56a336\" data-element_type=\"column\">\n\t\t\t<div class=\"elementor-column-wrap elementor-element-populated\">\n\t\t\t\t\t\t\t<div class=\"elementor-widget-wrap\">\n\t\t\t\t\t\t<div class=\"elementor-element elementor-element-7337cec2 elementor-position-top elementor-vertical-align-top elementor-widget elementor-widget-image-box\" data-id=\"7337cec2\" data-element_type=\"widget\" data-widget_type=\"image-box.default\">\n\t\t\t\t<div class=\"elementor-widget-container\">\n\t\t\t<div class=\"elementor-image-box-wrapper\"><figure class=\"elementor-image-box-img\"><a href=\"https:\/\/www.myecole.it\/ooc\/approfondimenti\/mates\/\"><img loading=\"lazy\" decoding=\"async\" width=\"256\" height=\"256\" src=\"https:\/\/www.myecole.it\/ooc\/wp-content\/uploads\/2020\/06\/startup.png\" class=\"elementor-animation-grow attachment-full size-full\" alt=\"\" srcset=\"https:\/\/www.myecole.it\/ooc\/wp-content\/uploads\/2020\/06\/startup.png 256w, https:\/\/www.myecole.it\/ooc\/wp-content\/uploads\/2020\/06\/startup-150x150.png 150w, https:\/\/www.myecole.it\/ooc\/wp-content\/uploads\/2020\/06\/startup-65x65.png 65w\" sizes=\"(max-width: 256px) 100vw, 256px\" \/><\/a><\/figure><div class=\"elementor-image-box-content\"><h3 class=\"elementor-image-box-title\"><a href=\"https:\/\/www.myecole.it\/ooc\/approfondimenti\/mates\/\">MATES<\/a><\/h3><p class=\"elementor-image-box-description\">Manager per la Transizione Sostenibile<\/p><\/div><\/div>\t\t<\/div>\n\t\t\t\t<\/div>\n\t\t\t\t\t\t<\/div>\n\t\t\t\t\t<\/div>\n\t\t<\/div>\n\t\t\t\t<div class=\"elementor-column elementor-col-33 elementor-inner-column elementor-element elementor-element-4c101ad\" data-id=\"4c101ad\" data-element_type=\"column\">\n\t\t\t<div class=\"elementor-column-wrap elementor-element-populated\">\n\t\t\t\t\t\t\t<div class=\"elementor-widget-wrap\">\n\t\t\t\t\t\t<div class=\"elementor-element elementor-element-7fdd06a elementor-position-top elementor-vertical-align-top elementor-widget elementor-widget-image-box\" data-id=\"7fdd06a\" data-element_type=\"widget\" data-widget_type=\"image-box.default\">\n\t\t\t\t<div class=\"elementor-widget-container\">\n\t\t\t<div class=\"elementor-image-box-wrapper\"><figure class=\"elementor-image-box-img\"><a href=\"https:\/\/www.made-cc.eu\/\"><img loading=\"lazy\" decoding=\"async\" width=\"256\" height=\"256\" src=\"https:\/\/www.myecole.it\/ooc\/wp-content\/uploads\/2020\/06\/domain-registration.png\" class=\"elementor-animation-grow attachment-full size-full\" alt=\"\" srcset=\"https:\/\/www.myecole.it\/ooc\/wp-content\/uploads\/2020\/06\/domain-registration.png 256w, https:\/\/www.myecole.it\/ooc\/wp-content\/uploads\/2020\/06\/domain-registration-150x150.png 150w, https:\/\/www.myecole.it\/ooc\/wp-content\/uploads\/2020\/06\/domain-registration-65x65.png 65w\" sizes=\"(max-width: 256px) 100vw, 256px\" \/><\/a><\/figure><div class=\"elementor-image-box-content\"><h3 class=\"elementor-image-box-title\"><a href=\"https:\/\/www.made-cc.eu\/\">MADE<\/a><\/h3><p class=\"elementor-image-box-description\">Competence Center I4.0<\/p><\/div><\/div>\t\t<\/div>\n\t\t\t\t<\/div>\n\t\t\t\t\t\t<\/div>\n\t\t\t\t\t<\/div>\n\t\t<\/div>\n\t\t\t\t<div class=\"elementor-column elementor-col-33 elementor-inner-column elementor-element elementor-element-162cc3dd\" data-id=\"162cc3dd\" data-element_type=\"column\">\n\t\t\t<div class=\"elementor-column-wrap elementor-element-populated\">\n\t\t\t\t\t\t\t<div class=\"elementor-widget-wrap\">\n\t\t\t\t\t\t<div class=\"elementor-element elementor-element-69752905 elementor-hidden-desktop elementor-hidden-tablet elementor-hidden-phone elementor-position-top elementor-vertical-align-top elementor-widget elementor-widget-image-box\" data-id=\"69752905\" data-element_type=\"widget\" data-widget_type=\"image-box.default\">\n\t\t\t\t<div class=\"elementor-widget-container\">\n\t\t\t<div class=\"elementor-image-box-wrapper\"><figure class=\"elementor-image-box-img\"><a href=\"https:\/\/www.myecole.it\/biblio\/\"><img loading=\"lazy\" decoding=\"async\" width=\"256\" height=\"256\" src=\"https:\/\/www.myecole.it\/ooc\/wp-content\/uploads\/2020\/06\/viral-marketing.png\" class=\"elementor-animation-grow attachment-full size-full\" alt=\"\" srcset=\"https:\/\/www.myecole.it\/ooc\/wp-content\/uploads\/2020\/06\/viral-marketing.png 256w, https:\/\/www.myecole.it\/ooc\/wp-content\/uploads\/2020\/06\/viral-marketing-150x150.png 150w, https:\/\/www.myecole.it\/ooc\/wp-content\/uploads\/2020\/06\/viral-marketing-65x65.png 65w\" sizes=\"(max-width: 256px) 100vw, 256px\" \/><\/a><\/figure><div class=\"elementor-image-box-content\"><h3 class=\"elementor-image-box-title\"><a href=\"https:\/\/www.myecole.it\/biblio\/\">Biblioteca Multimediale<\/a><\/h3><p class=\"elementor-image-box-description\">La library delle competenze digitali<\/p><\/div><\/div>\t\t<\/div>\n\t\t\t\t<\/div>\n\t\t\t\t\t\t<\/div>\n\t\t\t\t\t<\/div>\n\t\t<\/div>\n\t\t\t\t\t\t\t\t<\/div>\n\t\t\t\t\t<\/div>\n\t\t<\/section>\n\t\t\t\t<section class=\"elementor-section elementor-inner-section elementor-element elementor-element-57cc068 elementor-section-content-middle elementor-section-boxed elementor-section-height-default elementor-section-height-default\" data-id=\"57cc068\" data-element_type=\"section\">\n\t\t\t\t\t\t<div class=\"elementor-container elementor-column-gap-no\">\n\t\t\t\t\t\t\t<div class=\"elementor-row\">\n\t\t\t\t\t<div class=\"elementor-column elementor-col-33 elementor-inner-column elementor-element elementor-element-654f468\" data-id=\"654f468\" data-element_type=\"column\">\n\t\t\t<div class=\"elementor-column-wrap elementor-element-populated\">\n\t\t\t\t\t\t\t<div class=\"elementor-widget-wrap\">\n\t\t\t\t\t\t<div class=\"elementor-element elementor-element-5d9406d elementor-position-top elementor-vertical-align-top elementor-widget elementor-widget-image-box\" data-id=\"5d9406d\" data-element_type=\"widget\" data-widget_type=\"image-box.default\">\n\t\t\t\t<div class=\"elementor-widget-container\">\n\t\t\t<div class=\"elementor-image-box-wrapper\"><figure class=\"elementor-image-box-img\"><a href=\"https:\/\/www.myecole.it\/ooc\/approfondimenti\/progettodigitaldivide\/\"><img loading=\"lazy\" decoding=\"async\" width=\"256\" height=\"256\" src=\"https:\/\/www.myecole.it\/ooc\/wp-content\/uploads\/2020\/06\/startup.png\" class=\"elementor-animation-grow attachment-full size-full\" alt=\"\" srcset=\"https:\/\/www.myecole.it\/ooc\/wp-content\/uploads\/2020\/06\/startup.png 256w, https:\/\/www.myecole.it\/ooc\/wp-content\/uploads\/2020\/06\/startup-150x150.png 150w, https:\/\/www.myecole.it\/ooc\/wp-content\/uploads\/2020\/06\/startup-65x65.png 65w\" sizes=\"(max-width: 256px) 100vw, 256px\" \/><\/a><\/figure><div class=\"elementor-image-box-content\"><h3 class=\"elementor-image-box-title\"><a href=\"https:\/\/www.myecole.it\/ooc\/approfondimenti\/progettodigitaldivide\/\">Digital Divide <\/a><\/h3><p class=\"elementor-image-box-description\">Ripensarsi Manager nell'era Digitale <\/p><\/div><\/div>\t\t<\/div>\n\t\t\t\t<\/div>\n\t\t\t\t\t\t<\/div>\n\t\t\t\t\t<\/div>\n\t\t<\/div>\n\t\t\t\t<div class=\"elementor-column elementor-col-33 elementor-inner-column elementor-element elementor-element-0a9ede6\" data-id=\"0a9ede6\" data-element_type=\"column\">\n\t\t\t<div class=\"elementor-column-wrap elementor-element-populated\">\n\t\t\t\t\t\t\t<div class=\"elementor-widget-wrap\">\n\t\t\t\t\t\t<div class=\"elementor-element elementor-element-60377a6 elementor-position-top elementor-vertical-align-top elementor-widget elementor-widget-image-box\" data-id=\"60377a6\" data-element_type=\"widget\" data-widget_type=\"image-box.default\">\n\t\t\t\t<div class=\"elementor-widget-container\">\n\t\t\t<div class=\"elementor-image-box-wrapper\"><figure class=\"elementor-image-box-img\"><a href=\"https:\/\/www.myecole.it\/ooc\/studi-e-ricerche\/oltre-il-cliente-le-parti-interessate-dallascolto-al-passaparola\"><img loading=\"lazy\" decoding=\"async\" width=\"256\" height=\"256\" src=\"https:\/\/www.myecole.it\/ooc\/wp-content\/uploads\/2020\/06\/domain-registration.png\" class=\"elementor-animation-grow attachment-full size-full\" alt=\"\" srcset=\"https:\/\/www.myecole.it\/ooc\/wp-content\/uploads\/2020\/06\/domain-registration.png 256w, https:\/\/www.myecole.it\/ooc\/wp-content\/uploads\/2020\/06\/domain-registration-150x150.png 150w, https:\/\/www.myecole.it\/ooc\/wp-content\/uploads\/2020\/06\/domain-registration-65x65.png 65w\" sizes=\"(max-width: 256px) 100vw, 256px\" \/><\/a><\/figure><div class=\"elementor-image-box-content\"><h3 class=\"elementor-image-box-title\"><a href=\"https:\/\/www.myecole.it\/ooc\/studi-e-ricerche\/oltre-il-cliente-le-parti-interessate-dallascolto-al-passaparola\">Audiolibro<\/a><\/h3><p class=\"elementor-image-box-description\">Oltre il cliente: le parti interessate - Dall'ascolto al passaparola<\/p><\/div><\/div>\t\t<\/div>\n\t\t\t\t<\/div>\n\t\t\t\t\t\t<\/div>\n\t\t\t\t\t<\/div>\n\t\t<\/div>\n\t\t\t\t<div class=\"elementor-column elementor-col-33 elementor-inner-column elementor-element elementor-element-2449e49\" data-id=\"2449e49\" data-element_type=\"column\">\n\t\t\t<div class=\"elementor-column-wrap elementor-element-populated\">\n\t\t\t\t\t\t\t<div class=\"elementor-widget-wrap\">\n\t\t\t\t\t\t<div class=\"elementor-element elementor-element-95df8da elementor-position-top elementor-vertical-align-top elementor-widget elementor-widget-image-box\" data-id=\"95df8da\" data-element_type=\"widget\" data-widget_type=\"image-box.default\">\n\t\t\t\t<div class=\"elementor-widget-container\">\n\t\t\t<div class=\"elementor-image-box-wrapper\"><figure class=\"elementor-image-box-img\"><a href=\"https:\/\/www.myecole.it\/ooc\/approfondimenti\/archivio\/\"><img loading=\"lazy\" decoding=\"async\" width=\"256\" height=\"256\" src=\"https:\/\/www.myecole.it\/ooc\/wp-content\/uploads\/2020\/06\/viral-marketing.png\" class=\"elementor-animation-grow attachment-full size-full\" alt=\"\" srcset=\"https:\/\/www.myecole.it\/ooc\/wp-content\/uploads\/2020\/06\/viral-marketing.png 256w, https:\/\/www.myecole.it\/ooc\/wp-content\/uploads\/2020\/06\/viral-marketing-150x150.png 150w, https:\/\/www.myecole.it\/ooc\/wp-content\/uploads\/2020\/06\/viral-marketing-65x65.png 65w\" sizes=\"(max-width: 256px) 100vw, 256px\" \/><\/a><\/figure><div class=\"elementor-image-box-content\"><h3 class=\"elementor-image-box-title\"><a href=\"https:\/\/www.myecole.it\/ooc\/approfondimenti\/archivio\/\">Archivio<\/a><\/h3><p class=\"elementor-image-box-description\">Le nostre pubblicazioni<\/p><\/div><\/div>\t\t<\/div>\n\t\t\t\t<\/div>\n\t\t\t\t\t\t<\/div>\n\t\t\t\t\t<\/div>\n\t\t<\/div>\n\t\t\t\t\t\t\t\t<\/div>\n\t\t\t\t\t<\/div>\n\t\t<\/section>\n\t\t\t\t\t\t<\/div>\n\t\t\t\t\t<\/div>\n\t\t<\/div>\n\t\t\t\t\t\t\t\t<\/div>\n\t\t\t\t\t<\/div>\n\t\t<\/section>\n\t\t\t\t<section class=\"elementor-section elementor-top-section elementor-element elementor-element-3b4ab3b elementor-section-stretched elementor-section-boxed elementor-section-height-default elementor-section-height-default\" data-id=\"3b4ab3b\" data-element_type=\"section\" data-settings=\"{&quot;stretch_section&quot;:&quot;section-stretched&quot;}\">\n\t\t\t\t\t\t<div class=\"elementor-container elementor-column-gap-default\">\n\t\t\t\t\t\t\t<div class=\"elementor-row\">\n\t\t\t\t\t<div class=\"elementor-column elementor-col-100 elementor-top-column elementor-element elementor-element-19e3d99\" data-id=\"19e3d99\" data-element_type=\"column\">\n\t\t\t<div class=\"elementor-column-wrap elementor-element-populated\">\n\t\t\t\t\t\t\t<div class=\"elementor-widget-wrap\">\n\t\t\t\t\t\t<div class=\"elementor-element elementor-element-8ec8f95 elementor-widget elementor-widget-divider\" data-id=\"8ec8f95\" data-element_type=\"widget\" data-widget_type=\"divider.default\">\n\t\t\t\t<div class=\"elementor-widget-container\">\n\t\t\t\t\t<div class=\"elementor-divider\">\n\t\t\t<span class=\"elementor-divider-separator\">\n\t\t\t\t\t\t<\/span>\n\t\t<\/div>\n\t\t\t\t<\/div>\n\t\t\t\t<\/div>\n\t\t\t\t\t\t<\/div>\n\t\t\t\t\t<\/div>\n\t\t<\/div>\n\t\t\t\t\t\t\t\t<\/div>\n\t\t\t\t\t<\/div>\n\t\t<\/section>\n\t\t\t\t<section class=\"elementor-section elementor-top-section elementor-element elementor-element-49a77234 elementor-section-content-middle elementor-reverse-mobile elementor-section-stretched elementor-section-boxed elementor-section-height-default elementor-section-height-default\" data-id=\"49a77234\" data-element_type=\"section\" data-settings=\"{&quot;stretch_section&quot;:&quot;section-stretched&quot;}\">\n\t\t\t\t\t\t<div class=\"elementor-container elementor-column-gap-default\">\n\t\t\t\t\t\t\t<div class=\"elementor-row\">\n\t\t\t\t\t<div class=\"elementor-column elementor-col-50 elementor-top-column elementor-element elementor-element-5875d9c8\" data-id=\"5875d9c8\" data-element_type=\"column\">\n\t\t\t<div class=\"elementor-column-wrap elementor-element-populated\">\n\t\t\t\t\t\t\t<div class=\"elementor-widget-wrap\">\n\t\t\t\t\t\t<div class=\"elementor-element elementor-element-70060381 elementor-widget elementor-widget-text-editor\" data-id=\"70060381\" data-element_type=\"widget\" data-widget_type=\"text-editor.default\">\n\t\t\t\t<div class=\"elementor-widget-container\">\n\t\t\t\t\t<div class=\"elementor-text-editor elementor-clearfix\"><p>Politiche comunitarie e nazionali sono concordi nel riconoscere alla formazione continua un ruolo<strong>\u00a0per rafforzare la competitivit\u00e0 delle imprese<\/strong>. A conclusione del vertice di Lisbona del marzo 2000 il Consiglio Europeo individuava nell\u2019istruzione una priorit\u00e0 di intervento al fine di portare l\u2019Europa a sviluppare\u00a0<em>\u201c\u2018economia pi\u00f9 competitiva e dinamica al mondo basata sulla conoscenza, capace di una crescita economica sostenibile con pi\u00f9 posti di lavoro e pi\u00f9 qualificati e con una maggiore coesione sociale<\/em>\u201c. Per raggiungere questo traguardo il Consiglio ha individuato una serie di priorit\u00e0 nell\u2019ambito dell\u2019istruzione e della formazione, rilevando il ruolo della\u00a0<strong>formazione\u00a0<\/strong>ai fini dello sviluppo dell\u2019individuo, della societ\u00e0 dell\u2019economia.<\/p><\/div>\n\t\t\t\t<\/div>\n\t\t\t\t<\/div>\n\t\t\t\t\t\t<\/div>\n\t\t\t\t\t<\/div>\n\t\t<\/div>\n\t\t\t\t<div class=\"elementor-column elementor-col-50 elementor-top-column elementor-element elementor-element-2a956d57\" data-id=\"2a956d57\" data-element_type=\"column\" data-settings=\"{&quot;background_background&quot;:&quot;classic&quot;}\">\n\t\t\t<div class=\"elementor-column-wrap elementor-element-populated\">\n\t\t\t\t\t\t\t<div class=\"elementor-widget-wrap\">\n\t\t\t\t\t\t<div class=\"elementor-element elementor-element-776c3758 elementor-widget elementor-widget-image\" data-id=\"776c3758\" data-element_type=\"widget\" data-widget_type=\"image.default\">\n\t\t\t\t<div class=\"elementor-widget-container\">\n\t\t\t\t\t<div class=\"elementor-image\">\n\t\t\t\t\t\t\t\t\t\t<img loading=\"lazy\" decoding=\"async\" width=\"991\" height=\"683\" src=\"https:\/\/www.myecole.it\/ooc\/wp-content\/uploads\/2019\/06\/team-work.png\" class=\"attachment-full size-full\" alt=\"\" srcset=\"https:\/\/www.myecole.it\/ooc\/wp-content\/uploads\/2019\/06\/team-work.png 991w, https:\/\/www.myecole.it\/ooc\/wp-content\/uploads\/2019\/06\/team-work-300x207.png 300w, https:\/\/www.myecole.it\/ooc\/wp-content\/uploads\/2019\/06\/team-work-768x529.png 768w, https:\/\/www.myecole.it\/ooc\/wp-content\/uploads\/2019\/06\/team-work-160x110.png 160w, https:\/\/www.myecole.it\/ooc\/wp-content\/uploads\/2019\/06\/team-work-340x234.png 340w\" sizes=\"(max-width: 991px) 100vw, 991px\" \/>\t\t\t\t\t\t\t\t\t\t\t<\/div>\n\t\t\t\t<\/div>\n\t\t\t\t<\/div>\n\t\t\t\t\t\t<\/div>\n\t\t\t\t\t<\/div>\n\t\t<\/div>\n\t\t\t\t\t\t\t\t<\/div>\n\t\t\t\t\t<\/div>\n\t\t<\/section>\n\t\t\t\t<section class=\"elementor-section elementor-top-section elementor-element elementor-element-4a8f87b6 elementor-section-content-middle elementor-section-stretched elementor-section-boxed elementor-section-height-default elementor-section-height-default\" data-id=\"4a8f87b6\" data-element_type=\"section\" data-settings=\"{&quot;stretch_section&quot;:&quot;section-stretched&quot;}\">\n\t\t\t\t\t\t<div class=\"elementor-container elementor-column-gap-default\">\n\t\t\t\t\t\t\t<div class=\"elementor-row\">\n\t\t\t\t\t<div class=\"elementor-column elementor-col-50 elementor-top-column elementor-element elementor-element-6fddbb42\" data-id=\"6fddbb42\" data-element_type=\"column\" data-settings=\"{&quot;background_background&quot;:&quot;classic&quot;}\">\n\t\t\t<div class=\"elementor-column-wrap elementor-element-populated\">\n\t\t\t\t\t\t\t<div class=\"elementor-widget-wrap\">\n\t\t\t\t\t\t<div class=\"elementor-element elementor-element-9a35049 elementor-widget elementor-widget-image\" data-id=\"9a35049\" data-element_type=\"widget\" data-widget_type=\"image.default\">\n\t\t\t\t<div class=\"elementor-widget-container\">\n\t\t\t\t\t<div class=\"elementor-image\">\n\t\t\t\t\t\t\t\t\t\t<img loading=\"lazy\" decoding=\"async\" width=\"1200\" height=\"801\" src=\"https:\/\/www.myecole.it\/ooc\/wp-content\/uploads\/2020\/06\/KU273L0WTW.jpg\" class=\"attachment-large size-large\" alt=\"\" srcset=\"https:\/\/www.myecole.it\/ooc\/wp-content\/uploads\/2020\/06\/KU273L0WTW.jpg 1200w, https:\/\/www.myecole.it\/ooc\/wp-content\/uploads\/2020\/06\/KU273L0WTW-300x200.jpg 300w, https:\/\/www.myecole.it\/ooc\/wp-content\/uploads\/2020\/06\/KU273L0WTW-768x513.jpg 768w, https:\/\/www.myecole.it\/ooc\/wp-content\/uploads\/2020\/06\/KU273L0WTW-345x230.jpg 345w, https:\/\/www.myecole.it\/ooc\/wp-content\/uploads\/2020\/06\/KU273L0WTW-340x227.jpg 340w, https:\/\/www.myecole.it\/ooc\/wp-content\/uploads\/2020\/06\/KU273L0WTW-278x185.jpg 278w\" sizes=\"(max-width: 1200px) 100vw, 1200px\" \/>\t\t\t\t\t\t\t\t\t\t\t<\/div>\n\t\t\t\t<\/div>\n\t\t\t\t<\/div>\n\t\t\t\t\t\t<\/div>\n\t\t\t\t\t<\/div>\n\t\t<\/div>\n\t\t\t\t<div class=\"elementor-column elementor-col-50 elementor-top-column elementor-element elementor-element-17ad292b\" data-id=\"17ad292b\" data-element_type=\"column\">\n\t\t\t<div class=\"elementor-column-wrap elementor-element-populated\">\n\t\t\t\t\t\t\t<div class=\"elementor-widget-wrap\">\n\t\t\t\t\t\t<div class=\"elementor-element elementor-element-335ec8a elementor-widget elementor-widget-text-editor\" data-id=\"335ec8a\" data-element_type=\"widget\" data-widget_type=\"text-editor.default\">\n\t\t\t\t<div class=\"elementor-widget-container\">\n\t\t\t\t\t<div class=\"elementor-text-editor elementor-clearfix\"><p>Partendo dalle sfide definite dal Consiglio Europeo, ECOLE promuove studi di settore per analizzare i fabbisogni specifici delle aziende, sviluppando modelli in grado di anticipare tali necessit\u00e0 e affinare la qualit\u00e0 degli interventi formativi proposti. L\u2019investimento nella ricerca rende ECOLE maggiormente propositiva e proiettata in iniziative formative via via pi\u00f9 specifiche e sofisticate. Lo scopo \u00e8 la creazione di un \u201c<strong>sistema territoriale in formazione continua<\/strong>\u201c, finalizzato a migliorare le condizioni di<strong>\u00a0occupabilit\u00e0<\/strong>\u00a0e la capacit\u00e0 di adattamento dei lavoratori lungo l\u2019intero percorso professionale, ottimizzando, nel loro complesso, la performance e la produttivit\u00e0 delle imprese. \u201c<strong>Apprendere ad apprendere<\/strong>\u201c: ECOLE interpreta i fabbisogni e le prestazioni del sistema imprenditoriale per offrire un servizio sempre personalizzato \u201cdisseminando\u201d le opportunit\u00e0 di potenziamento delle risorse umane.<\/p><\/div>\n\t\t\t\t<\/div>\n\t\t\t\t<\/div>\n\t\t\t\t\t\t<\/div>\n\t\t\t\t\t<\/div>\n\t\t<\/div>\n\t\t\t\t\t\t\t\t<\/div>\n\t\t\t\t\t<\/div>\n\t\t<\/section>\n\t\t\t\t<section class=\"elementor-section elementor-top-section elementor-element elementor-element-8503be9 elementor-hidden-desktop elementor-hidden-tablet elementor-hidden-phone elementor-section-boxed elementor-section-height-default elementor-section-height-default\" data-id=\"8503be9\" data-element_type=\"section\">\n\t\t\t\t\t\t<div class=\"elementor-container elementor-column-gap-default\">\n\t\t\t\t\t\t\t<div class=\"elementor-row\">\n\t\t\t\t\t<div class=\"elementor-column elementor-col-66 elementor-top-column elementor-element elementor-element-5152531\" data-id=\"5152531\" data-element_type=\"column\">\n\t\t\t<div class=\"elementor-column-wrap elementor-element-populated\">\n\t\t\t\t\t\t\t<div class=\"elementor-widget-wrap\">\n\t\t\t\t\t\t<div class=\"elementor-element elementor-element-bf9cbb7 elementor-widget elementor-widget-heading\" data-id=\"bf9cbb7\" data-element_type=\"widget\" data-widget_type=\"heading.default\">\n\t\t\t\t<div class=\"elementor-widget-container\">\n\t\t\t<h2 class=\"elementor-heading-title elementor-size-default\">Progetto Digital Divide: Ripensarsi manager nell'era digitale <\/h2>\t\t<\/div>\n\t\t\t\t<\/div>\n\t\t\t\t<div class=\"elementor-element elementor-element-22fd50e elementor-widget elementor-widget-text-editor\" data-id=\"22fd50e\" data-element_type=\"widget\" data-widget_type=\"text-editor.default\">\n\t\t\t\t<div class=\"elementor-widget-container\">\n\t\t\t\t\t<div class=\"elementor-text-editor elementor-clearfix\"><p><strong>L\u2019innovazione tecnologica e la digitalizzazione<\/strong>\u00a0vanno ben oltre la creazione di nuove professioni: modificano e trasformano quelle di sempre, caratterizzandole per un crescente contenuto di conoscenze digitali. Fino ad ora le aziende si sono concentrate sull\u2019acquisizione delle competenze digitali da parte di operatori per il corretto utilizzo di strumenti e nuove tecnologie digitali, lasciando in secondo piano\u00a0<strong>gap di competenze<\/strong>\u00a0<strong>digitali<\/strong>\u00a0per il corretto utilizzo di strumenti e nuove tecnologie nelle figure decisionali chiave nelle aziende<strong>, imprenditori e manager.\u00a0<\/strong>La\u00a0<em>Digital Transformation<\/em>\u00a0richiede ai manager anche la conosenza degli strumenti digitali, quantomeno per poter progettare nuove strategie, affidando agli specialisti gli aspetti tecnici e l\u2019adozione delle necessarie tecnologie. Un manager che voglia strategicamente introdurre la trasformazione digitale nella sua azienda deve essere consapevole che \u00e8 necessario un un cambiamento di mentalit\u00e0 per acquisire competenze di\u00a0<em><strong>e-leadership<\/strong><\/em>\u00a0per guidare la trasformazione dei modelli di business e di relazione. Per rispondere al gap di competenze, e far fronte alle macro-tendenze a livello globale che avranno impatti significativi sull\u2019employability dei manager, imprenditori e quadri nel medio\/lungo periodo, ECOLE ha studiato un progetto interamente sul tema del digitale:\u00a0<strong><em>Digital Divide \u2013 Ripensarsi manager nell\u2019era del digitale,<\/em>\u00a0<\/strong>\u00a0un progetto finanziato da\u00a0<a href=\"https:\/\/www.fondirigenti.it\/\" target=\"_blank\" rel=\"noopener\">Fondirigenti<\/a>\u00a0nell\u2019ambito delle\u00a0<a href=\"https:\/\/www.fondirigenti.it\/iniziative-strategiche\" target=\"_blank\" rel=\"noopener\">iniziative strategiche<\/a>, piani strategici volti all\u2019analisi delle condizioni utili a promuovere l\u2019innovazione e la crescita della dotazione manageriale, in modo particolare per le piccole e medie dimensioni diffuse nel tessuto imprenditoriale italiano.<\/p><\/div>\n\t\t\t\t<\/div>\n\t\t\t\t<\/div>\n\t\t\t\t\t\t<\/div>\n\t\t\t\t\t<\/div>\n\t\t<\/div>\n\t\t\t\t<div class=\"elementor-column elementor-col-33 elementor-top-column elementor-element elementor-element-52fa050\" data-id=\"52fa050\" data-element_type=\"column\">\n\t\t\t<div class=\"elementor-column-wrap elementor-element-populated\">\n\t\t\t\t\t\t\t<div class=\"elementor-widget-wrap\">\n\t\t\t\t\t\t<div class=\"elementor-element elementor-element-cd9faca elementor-widget elementor-widget-heading\" data-id=\"cd9faca\" data-element_type=\"widget\" data-widget_type=\"heading.default\">\n\t\t\t\t<div class=\"elementor-widget-container\">\n\t\t\t<h3 class=\"elementor-heading-title elementor-size-default\">Materiale di approfondimento<\/h3>\t\t<\/div>\n\t\t\t\t<\/div>\n\t\t\t\t<div class=\"elementor-element elementor-element-435e284 elementor-hidden-desktop elementor-hidden-tablet elementor-hidden-phone elementor-widget elementor-widget-text-editor\" data-id=\"435e284\" data-element_type=\"widget\" data-widget_type=\"text-editor.default\">\n\t\t\t\t<div class=\"elementor-widget-container\">\n\t\t\t\t\t<div class=\"elementor-text-editor elementor-clearfix\"><ul>\n<li>\n<p><a href=\"https:\/\/www.myecole.it\/ooc\/progetto-digital-divide\/\" target=\"_blank\" rel=\"noopener\">Articolo informativo<\/a>\u00a0<\/p>\n<\/li>\n<li>\n<p><a href=\"https:\/\/youtu.be\/GdYUk-cXyRo\" target=\"_blank\" rel=\"noopener\">Video promozionale<\/a><\/p>\n<\/li>\n<li>\n<p><a href=\"https:\/\/www.myecole.it\/ooc\/wp-content\/uploads\/2020\/02\/Infografica.pdf\" target=\"_blank\" rel=\"noopener\">Infografica\u00a0<\/a><\/p>\n<\/li>\n<li>\n<p><a href=\"https:\/\/www.myecole.it\/ooc\/wp-content\/uploads\/2020\/02\/MoriciCefriel_Sviluppareculturaeskilldigitali.pdf\" target=\"_blank\" rel=\"noopener\">Presentazione Cefriel<\/a><\/p>\n<\/li>\n<li>\n<p><a href=\"https:\/\/www.myecole.it\/ooc\/wp-content\/uploads\/2020\/02\/Presentazione-Digitale-Divide_27-gennaio-2019.pdf\" target=\"_blank\" rel=\"noopener\">Presentazione ECOLE<\/a>\u00a0<\/p>\n<\/li>\n<li>\n<p><a href=\"https:\/\/www.myecole.it\/ooc\/wp-content\/uploads\/2020\/02\/Digital-Divide_Amicucci.pdf\" target=\"_blank\" rel=\"noopener\">Presentazione Skilla &#8211; Amicucci Formazione<\/a><\/p>\n<\/li>\n<\/ul><\/div>\n\t\t\t\t<\/div>\n\t\t\t\t<\/div>\n\t\t\t\t\t\t<\/div>\n\t\t\t\t\t<\/div>\n\t\t<\/div>\n\t\t\t\t\t\t\t\t<\/div>\n\t\t\t\t\t<\/div>\n\t\t<\/section>\n\t\t\t\t<section class=\"elementor-section elementor-top-section elementor-element elementor-element-f5e8cf3 elementor-hidden-desktop elementor-hidden-tablet elementor-hidden-phone elementor-section-boxed elementor-section-height-default elementor-section-height-default\" data-id=\"f5e8cf3\" data-element_type=\"section\">\n\t\t\t\t\t\t<div class=\"elementor-container elementor-column-gap-default\">\n\t\t\t\t\t\t\t<div class=\"elementor-row\">\n\t\t\t\t\t<div class=\"elementor-column elementor-col-66 elementor-top-column elementor-element elementor-element-b5d0e81\" data-id=\"b5d0e81\" data-element_type=\"column\">\n\t\t\t<div class=\"elementor-column-wrap elementor-element-populated\">\n\t\t\t\t\t\t\t<div class=\"elementor-widget-wrap\">\n\t\t\t\t\t\t<div class=\"elementor-element elementor-element-123e8bf elementor-widget elementor-widget-heading\" data-id=\"123e8bf\" data-element_type=\"widget\" data-widget_type=\"heading.default\">\n\t\t\t\t<div class=\"elementor-widget-container\">\n\t\t\t<h2 class=\"elementor-heading-title elementor-size-default\">Audiolibro \"Oltre il cliente: le parti interessate - Dall'ascolto al passaparola\"<\/h2>\t\t<\/div>\n\t\t\t\t<\/div>\n\t\t\t\t<div class=\"elementor-element elementor-element-3688282 elementor-widget elementor-widget-text-editor\" data-id=\"3688282\" data-element_type=\"widget\" data-widget_type=\"text-editor.default\">\n\t\t\t\t<div class=\"elementor-widget-container\">\n\t\t\t\t\t<div class=\"elementor-text-editor elementor-clearfix\"><p data-tadv-p=\"keep\"><em>In collaborazione con Assolombarda proponiamo l\u2019ascolto della Dispensa \u201cOltre il cliente: le parti interessate \u2013 Dall\u2019ascolto al passaparola.\u201d\u00a0Un lavoro a cura del settore\u00a0Politiche Industriali e Competitivit\u00e0 del Territorio\u00a0di Assolombarda.\u00a0<\/em><\/p>\n<p>La dispensa vuole guidare le aziende ad applicare al meglio uno specifico requisito della norma ISO 9001:2015, e rappresenta un vero e proprio strumento di management, arricchito da numerosi casi aziendali, con caratteristiche diverse di dimensione e di settore.<\/p><\/div>\n\t\t\t\t<\/div>\n\t\t\t\t<\/div>\n\t\t\t\t\t\t<\/div>\n\t\t\t\t\t<\/div>\n\t\t<\/div>\n\t\t\t\t<div class=\"elementor-column elementor-col-33 elementor-top-column elementor-element elementor-element-eb1c9d5\" data-id=\"eb1c9d5\" data-element_type=\"column\">\n\t\t\t<div class=\"elementor-column-wrap elementor-element-populated\">\n\t\t\t\t\t\t\t<div class=\"elementor-widget-wrap\">\n\t\t\t\t\t\t<div class=\"elementor-element elementor-element-b623d07 elementor-widget elementor-widget-heading\" data-id=\"b623d07\" data-element_type=\"widget\" data-widget_type=\"heading.default\">\n\t\t\t\t<div class=\"elementor-widget-container\">\n\t\t\t<h3 class=\"elementor-heading-title elementor-size-default\">Materiale di approfondimento<\/h3>\t\t<\/div>\n\t\t\t\t<\/div>\n\t\t\t\t<div class=\"elementor-element elementor-element-e1d25dc elementor-position-left elementor-vertical-align-middle elementor-view-default elementor-widget elementor-widget-icon-box\" data-id=\"e1d25dc\" data-element_type=\"widget\" data-widget_type=\"icon-box.default\">\n\t\t\t\t<div class=\"elementor-widget-container\">\n\t\t\t\t\t<div class=\"elementor-icon-box-wrapper\">\n\t\t\t\t\t\t<div class=\"elementor-icon-box-icon\">\n\t\t\t\t<a class=\"elementor-icon elementor-animation-\" href=\"https:\/\/www.myecole.it\/ooc\/studi-e-ricerche\/oltre-il-cliente-le-parti-interessate-dallascolto-al-passaparola\" target=\"_blank\">\n\t\t\t\t<i aria-hidden=\"true\" class=\"far fa-play-circle\"><\/i>\t\t\t\t<\/a>\n\t\t\t<\/div>\n\t\t\t\t\t\t<div class=\"elementor-icon-box-content\">\n\t\t\t\t<p class=\"elementor-icon-box-title\">\n\t\t\t\t\t<a href=\"https:\/\/www.myecole.it\/ooc\/studi-e-ricerche\/oltre-il-cliente-le-parti-interessate-dallascolto-al-passaparola\" target=\"_blank\">Ascolta l'audiolibro<\/a>\n\t\t\t\t<\/p>\n\t\t\t\t\t\t\t<\/div>\n\t\t<\/div>\n\t\t\t\t<\/div>\n\t\t\t\t<\/div>\n\t\t\t\t\t\t<\/div>\n\t\t\t\t\t<\/div>\n\t\t<\/div>\n\t\t\t\t\t\t\t\t<\/div>\n\t\t\t\t\t<\/div>\n\t\t<\/section>\n\t\t\t\t<section class=\"elementor-section elementor-top-section elementor-element elementor-element-5049c13a elementor-section-stretched elementor-hidden-desktop elementor-hidden-tablet elementor-hidden-phone elementor-section-boxed elementor-section-height-default elementor-section-height-default\" data-id=\"5049c13a\" data-element_type=\"section\" data-settings=\"{&quot;stretch_section&quot;:&quot;section-stretched&quot;}\">\n\t\t\t\t\t\t<div class=\"elementor-container elementor-column-gap-default\">\n\t\t\t\t\t\t\t<div class=\"elementor-row\">\n\t\t\t\t\t<div class=\"elementor-column elementor-col-100 elementor-top-column elementor-element elementor-element-8e5c0f7\" data-id=\"8e5c0f7\" data-element_type=\"column\">\n\t\t\t<div class=\"elementor-column-wrap elementor-element-populated\">\n\t\t\t\t\t\t\t<div class=\"elementor-widget-wrap\">\n\t\t\t\t\t\t<div class=\"elementor-element elementor-element-278b3c36 elementor-widget elementor-widget-text-editor\" data-id=\"278b3c36\" data-element_type=\"widget\" data-widget_type=\"text-editor.default\">\n\t\t\t\t<div class=\"elementor-widget-container\">\n\t\t\t\t\t<div class=\"elementor-text-editor elementor-clearfix\"><p>\u00a0<\/p>\n<p><strong><u>Ricerche<\/u><\/strong><\/p>\n<table>\n<tbody>\n<tr class=\"topborder\">\n<td class=\"contenuto-cella-centrato-orizz-vert\" style=\"width: 100px;\"><a href=\"https:\/\/www.myecole.it\/ooc\/net-for-mec.html\"><img loading=\"lazy\" decoding=\"async\" class=\"aligncenter wp-image-1234 size-full\" src=\"https:\/\/www.myecole.it\/ooc\/wp-content\/uploads\/2015\/03\/Ricerca201502-FarVolarePMI-NuoveCompetenzeManageriali100.png\" alt=\"Ricerca201502-FarVolarePMI-NuoveCompetenzeManageriali100\" width=\"100\" height=\"150\" \/><\/a><\/td>\n<td><strong><span style=\"color: #004890;\"><a style=\"color: #004890;\" href=\"https:\/\/www.myecole.it\/ooc\/far-volare-le-pmi-con-nuove-competenze-manageriali.html\">Far volare le PMI con nuove competenze manageriali<\/a><\/span><span style=\"color: #00488f;\">\u00a0<\/span><br \/><\/strong><em>&#8220;Con questo progetto Assolombarda \u00e8 uscita dal perimetro di via Pantano, per entrare\u00a0<\/em><em>direttamente nel cuore delle aziende con un prodotto \u201ccucito a mano\u201d da manager\u00a0<\/em><em>dedicati e specializzati sui temi individuati con le aziende&#8221;<\/em><strong><br \/><\/strong><\/td>\n<\/tr>\n<tr class=\"topborder\">\n<td class=\"contenuto-cella-centrato-orizz-vert\" style=\"width: 100px;\"><img loading=\"lazy\" decoding=\"async\" class=\"alignnone wp-image-448 size-full\" src=\"https:\/\/www.myecole.it\/ooc\/wp-content\/uploads\/2015\/03\/Il-Sole-24-Ore-L-impresa-in-tensione.jpg\" alt=\"Il-Sole-24-Ore-L-impresa-in-tensione\" width=\"100\" height=\"150\" \/><\/td>\n<td><strong>L\u2019impresa in tensione, 2009. Daniele Boldizzoni, Luigi Serio, Il Sole 24 Ore, Milano<br \/><\/strong><em>\u201cEsiste un modello originale di PMI in grado di governare tensioni nell\u2019organizzazione e nella gestione di mezzi e risorse, mantenendo una sua specificit\u00e0 o il riferimento a un modello \u201cglobale\u201d \u00e8 oggi l\u2019unico orizzonte di sopravvivenza?\u201d<\/em><\/td>\n<\/tr>\n<tr class=\"topborder\">\n<td class=\"contenuto-cella-centrato-orizz-vert\"><a href=\"https:\/\/www.myecole.it\/ooc\/?p=469\"><img loading=\"lazy\" decoding=\"async\" class=\"alignnone size-full wp-image-450\" src=\"https:\/\/www.myecole.it\/ooc\/wp-content\/uploads\/2015\/03\/NET-FOR-MEC.png\" alt=\"NET-FOR-MEC\" width=\"100\" height=\"150\" \/><\/a><\/td>\n<td><strong><span style=\"color: #00488f;\"><a style=\"color: #00488f;\" href=\"https:\/\/www.myecole.it\/ooc\/?p=469\">NET FOR MEC \u2013 Il network a supporto dell\u2019industria meccanica, 2006. Enrico Annacondia, Claudio Bobbi, et.Promodis Italia Editrice, Brescia<\/a><\/span><br \/><\/strong><em>NET FOR MEC, network per lo sviluppo della ricerca e dell\u2019innovazione nella meccanica strumentale, rappresenta una significativa esperienza di collaborazione tra imprese, universit\u00e0 e centri di ricerca<\/em><\/td>\n<\/tr>\n<tr class=\"topborder\">\n<td class=\"contenuto-cella-centrato-orizz-vert\"><img loading=\"lazy\" decoding=\"async\" class=\"alignnone wp-image-451 size-full\" src=\"https:\/\/www.myecole.it\/ooc\/wp-content\/uploads\/2015\/03\/collaborazione_anziani.jpg\" alt=\"collaborazione_anziani\" width=\"100\" height=\"150\" \/><\/td>\n<td><strong>Il potenziale dei collaboratori anziani, 2008. Urban Perkmann, Georg Lun, Fotolito Varesco, Bolzano<br \/><\/strong>\u201c<em>La crescente aspettativa di vita e l\u2019incremento dell\u2019et\u00e0 pensionabile porteranno presto ad una maggior presenza di collaboratori \u201canziani\u201d (over 50) nel mondo del lavoro\u2026A questo proposito giocano un ruolo importante aspetti come l\u2019aggiornamento professionale, il mantenimento delle capacit\u00e0 fisiche e intellettive e il trasferimento delle conoscenze\u201d<\/em><\/td>\n<\/tr>\n<tr class=\"topborder\">\n<td class=\"contenuto-cella-centrato-orizz-vert\"><img loading=\"lazy\" decoding=\"async\" class=\"alignnone wp-image-452 size-full\" src=\"https:\/\/www.myecole.it\/ooc\/wp-content\/uploads\/2015\/03\/Il-Sole-24-Ore-Innovazione-e-crescita-nella-piccola-impresa1.jpg\" alt=\"Il-Sole-24-Ore-Innovazione-e-crescita-nella-piccola-impresa1\" width=\"100\" height=\"150\" \/><\/td>\n<td><strong>Innovazione e crescita nella piccola impresa, 2003.\u00a0<\/strong><strong>Daniele Boldizzoni, Luigi Serio,\u00a0Il Sole 24 Ore, Milano<br \/><\/strong><em>Partendo dall\u2019analisi di una serie di casi di imprese di minore dimensione del Nord Italia, sono state evidenziate tre questioni: i problemi legati alla gestione e all\u2019innovazione organizzativa, il tema della crescita e gli strumenti a sostegno della medesima<\/em><\/td>\n<\/tr>\n<tr class=\"topborder\">\n<td class=\"contenuto-cella-centrato-orizz-vert\"><img loading=\"lazy\" decoding=\"async\" class=\"alignnone size-full wp-image-453\" src=\"https:\/\/www.myecole.it\/ooc\/wp-content\/uploads\/2015\/03\/Il-Sole-24-Ore-Assistenza_e_manutenzione_dei_beni_strumentali1.jpg\" alt=\"Il-Sole-24-Ore-Assistenza_e_manutenzione_dei_beni_strumentali1\" width=\"100\" height=\"150\" \/><\/td>\n<td><strong>Assistenza e manutenzione dei beni strumentali, 2000. <\/strong><strong>Giovanni Battaglia, Flavio Franciosi Il Sole 24 Ore, Milano<br \/><\/strong><em>Il volume presenta i risultati di una ricerca sul tema \u201cAssistenza e manutenzione dei beni strumentali\u201d come parte integrante dell\u2019offerta del cliente<\/em><\/td>\n<\/tr>\n<tr class=\"topborder\">\n<td class=\"contenuto-cella-centrato-orizz-vert\"><img loading=\"lazy\" decoding=\"async\" class=\"alignnone size-full wp-image-454\" src=\"https:\/\/www.myecole.it\/ooc\/wp-content\/uploads\/2015\/03\/Organizzare_processi.jpg\" alt=\"Organizzare_processi\" width=\"100\" height=\"150\" \/><\/td>\n<td><strong>Organizzare per processi la piccola impresa, 2000.\u00a0Monica Perego,\u00a0La Commerciale \u2013 Borgogno, Bolzano<br \/><\/strong><em>Il presente volume nasce dalla volont\u00e0 di diffondere il metodo d\u2019intervento adottato nel corso del progetto ADAPT \u201cDevelopNet S\u00fcdtirol\u201d e fornire strumenti di lavoro utili a una gestione efficace della piccola impresa<\/em><\/td>\n<\/tr>\n<tr class=\"topborder\">\n<td class=\"contenuto-cella-centrato-orizz-vert\"><img loading=\"lazy\" decoding=\"async\" class=\"alignnone size-full wp-image-455\" src=\"https:\/\/www.myecole.it\/ooc\/wp-content\/uploads\/2015\/03\/Il-Sole-24-Ore-Gestire-la-qualita-la-sicurezza-e-l-ambiente1.jpg\" alt=\"Il-Sole-24-Ore-Gestire-la-qualita-la-sicurezza-e-l-ambiente1\" width=\"100\" height=\"150\" \/><\/td>\n<td><strong>Gestire la qualit\u00e0 la sicurezza e l\u2019ambiente, 1999.\u00a0Maurizio Arena, Gennaro Bacile,\u00a0Il Sole 24 Ore, Milano<br \/><\/strong><em>In mercati sempre pi\u00f9 aperti e internazionalmente competitivi, la qualit\u00e0 dei beni e dei servizi \u00e8 diventata uno dei fattori decisivi non solo per il successo, ma anche per la sopravvivenza stessa delle aziende<\/em><\/td>\n<\/tr>\n<tr class=\"topborder\">\n<td class=\"contenuto-cella-centrato-orizz-vert\"><img loading=\"lazy\" decoding=\"async\" class=\"alignnone size-full wp-image-457\" src=\"https:\/\/www.myecole.it\/ooc\/wp-content\/uploads\/2015\/03\/Il-Sole-24-Ore-Innovare-i-processi-e-i-prodotti1.jpg\" alt=\"Il-Sole-24-Ore-Innovare-i-processi-e-i-prodotti1\" width=\"100\" height=\"150\" \/><\/td>\n<td><strong>Innovare i processi e i prodotti, 1999.\u00a0Marco Alessi, Stefano Avanzi,\u00a0Il Sole 24 Ore, Milano<br \/><\/strong><em>Il contesto in cui si muovono oggi le organizzazioni \u00e8 caratterizzato dalla crescente complessit\u00e0 delle variabili tecnologiche e di mercato e da una continua gestione dell\u2019innovazione e del cambiamento\u2026\u00e8 necessario orientarsi verso un tipo di organizzazione \u201ctrasversale<\/em>\u201c<\/td>\n<\/tr>\n<tr class=\"topborder\">\n<td class=\"contenuto-cella-centrato-orizz-vert\"><img loading=\"lazy\" decoding=\"async\" class=\"alignnone size-full wp-image-459\" src=\"https:\/\/www.myecole.it\/ooc\/wp-content\/uploads\/2015\/03\/Il-Sole-24-Ore-L-innovazione-eco-efficiente1.jpg\" alt=\"Il-Sole-24-Ore-L-innovazione-eco-efficiente1\" width=\"100\" height=\"150\" \/><\/td>\n<td><strong>L\u2019innovazione eco-efficiente, 1999,\u00a0Giuliano Noci e Roberto Verganti,\u00a0Il Sole 24 Ore, Milano<br \/><\/strong><em>La limitata disponibilit\u00e0 di risorse naturali, la continua evoluzione della normativa in materia ambiente, la crescente consapevolezza \u201cverde\u201d impongono anche alle imprese piccole e medie di prendere in seria considerazione la gestione del fattore ambiente<\/em>\u201c<\/td>\n<\/tr>\n<tr class=\"topborder\">\n<td class=\"contenuto-cella-centrato-orizz-vert\"><img loading=\"lazy\" decoding=\"async\" class=\"alignnone size-full wp-image-460\" src=\"https:\/\/www.myecole.it\/ooc\/wp-content\/uploads\/2015\/03\/CTM-DalLocaleAlGlobale.jpg\" alt=\"CTM-DalLocaleAlGlobale\" width=\"100\" height=\"150\" \/><\/td>\n<td><strong>Dal Locale al Globale: l\u2019industria di Bolzano verso la Net Economy, 1999<\/strong><br \/><strong>Rapporto finale del progetto di ricerca \u2013 Progetto Developnet S\u00fcdtirol\u00a0C.T.M. \u2013 Probest<br \/><\/strong><em>Questa ricerca rappresenta la naturale prosecuzione dell\u2019indagine sulla domanda ed offerta di servizi in provincia di Bolzano\u2026ormai la diffusione delle tecnologie d\u2019informazione e comunicazione non \u00e8 pi\u00f9 appannaggio della grande impresa ma \u00e8 diventata parte costitutiva dell\u2019intero tessuto economico\u2026 Il rischio da non sottovalutare \u00e8 che l\u2019economia locale non si muova in tempo utile con la velocit\u00e0 di trasformazione del mercato.<\/em><\/td>\n<\/tr>\n<tr class=\"topborder\">\n<td class=\"contenuto-cella-centrato-orizz-vert\"><img loading=\"lazy\" decoding=\"async\" class=\"alignnone size-full wp-image-461\" src=\"https:\/\/www.myecole.it\/ooc\/wp-content\/uploads\/2015\/03\/Brescia-Impresa-Parlomes1.jpg\" alt=\"Brescia-Impresa-Parlomes1\" width=\"100\" height=\"150\" \/><\/td>\n<td><strong>Parl\u00f2mes, 2003. Matteo Meroni, Alberto Volpi, Brescia &amp; Impresa, Brescia<br \/><\/strong><em>In questo libro \u00e8 contenuta la storia del Progetto Parl\u00f2mes che \u00e8 nei fatti la breve storia delle persone che vi hanno partecipato e che hanno saputo crescere con esso<\/em><\/td>\n<\/tr>\n<tr class=\"topborder\">\n<td class=\"contenuto-cella-centrato-orizz-vert\"><a href=\"https:\/\/www.myecole.it\/ooc\/?p=479\"><img loading=\"lazy\" decoding=\"async\" class=\"alignnone size-full wp-image-462\" src=\"https:\/\/www.myecole.it\/ooc\/wp-content\/uploads\/2015\/03\/Fare-Formazione-a-Milano-Copertina1.jpg\" alt=\"Fare-Formazione-a-Milano-Copertina1\" width=\"100\" height=\"150\" \/><\/a><\/td>\n<td><span style=\"color: #00488f;\"><strong><a style=\"color: #00488f;\" href=\"https:\/\/www.myecole.it\/ooc\/?p=479\">Fare Formazione a Milano, Fondazione ISTUD. Franco Angeli Management, Milano<\/a><\/strong><\/span><br \/><em>Programmare e realizzare interventi di formazione continua significa rispondere alle peculiarit\u00e0 e alle esigenze dei diversi settori e, nel contempo, individuare ambiti comuni da cui la formazione oggi non pu\u00f2 prescindere<\/em><\/td>\n<\/tr>\n<tr class=\"topborder\">\n<td class=\"contenuto-cella-centrato-orizz-vert\"><a href=\"https:\/\/www.myecole.it\/ooc\/?p=486\"><img loading=\"lazy\" decoding=\"async\" class=\"alignnone size-full wp-image-463\" src=\"https:\/\/www.myecole.it\/ooc\/wp-content\/uploads\/2015\/03\/marketplace.jpg\" alt=\"marketplace\" width=\"100\" height=\"150\" \/><\/a><\/td>\n<td><strong><span style=\"color: #00488f;\"><a style=\"color: #00488f;\" href=\"https:\/\/www.myecole.it\/ooc\/?p=486\">I marketplace e le forme prevalenti di e-Procurement, Claudio Bobbi, Daniele Brambilla Equal<\/a><\/span><br \/><\/strong><em>Il progetto E-dapt: l\u2019e-business e i processi di adattamento delle imprese e dei lavoratori\u2026si \u00e8 proposto di incoraggiare e sostenere le imprese operanti nei settori tradizionali e i loro lavoratori nel processo di adattamento alle nuove tecnologie informatiche e delle comunicazioni, in modo da prevenire e contrastare la loro esclusione al mercato<\/em><\/td>\n<\/tr>\n<tr class=\"topborder\">\n<td class=\"contenuto-cella-centrato-orizz-vert\"><img loading=\"lazy\" decoding=\"async\" class=\"alignnone size-full wp-image-464\" src=\"https:\/\/www.myecole.it\/ooc\/wp-content\/uploads\/2015\/03\/ICT-e-le-famiglie-professionali.jpg\" alt=\"ICT-e-le-famiglie-professionali\" width=\"100\" height=\"150\" \/><\/td>\n<td><strong>L\u2019ICT e le famiglie professionali del management: innovazione nella tradizione. Cristina Godio, Claudio Bobbi, Daniele Brambilla, et. Equal<br \/><\/strong><em>Un lavoro composito che \u00e8 frutto di un progetto in cui l\u2019attivit\u00e0 di ricerca e di indagine conoscitiva erano incaricate di \u201clanciare\u201d una sperimentazione e un confronto concreto, di tipo prevalentemente formativo, con tutti gli attori del sistema delle imprese<\/em><\/td>\n<\/tr>\n<\/tbody>\n<\/table>\n<p><strong>Interventi professionali<br \/><\/strong><\/p>\n<table>\n<tbody>\n<tr class=\"topborder\">\n<td style=\"width: 100px;\"><img loading=\"lazy\" decoding=\"async\" class=\"aligncenter size-full wp-image-466\" src=\"https:\/\/www.myecole.it\/ooc\/wp-content\/uploads\/2015\/03\/documento.png\" alt=\"documento\" width=\"107\" height=\"150\" \/><\/td>\n<td>Il <strong>21 dicembre 2011<\/strong> la Conferenza permanente tra lo <strong>Stato e le Regioni<\/strong> ha approvato i nuovi Accordi relativi alla formazione alla sicurezza indicati dall\u2019art. 34, comma 2 (datore di lavoro RSPP) e art. 37, comma 2 (lavoratori, dirigenti e preposti ) del D. Lgs. n. 81\/08. Gli accordi definiscono la durata, i contenuti e le modalit\u00e0 della formazione da svolgere. Quali doveri per il datore di lavoro? Ce ne parla l\u2019Ing. Fiorenzo Pietrobono, Responsabile Servizio Prevenzione e Protezione in alcuni dei principali macrosettori economici e formatore in corsi aziendali sulla sicurezza e sulla privacy\u201d.<span style=\"color: #00488f;\">\u00a0<a style=\"color: #00488f;\" href=\"https:\/\/www.myecole.it\/ooc\/wp-content\/uploads\/2015\/03\/Articolo-Pietrobono-formazione-EL.pdf\">Articolo-Pietrobono-formazione-EL<\/a><\/span><\/td>\n<\/tr>\n<\/tbody>\n<\/table><\/div>\n\t\t\t\t<\/div>\n\t\t\t\t<\/div>\n\t\t\t\t\t\t<\/div>\n\t\t\t\t\t<\/div>\n\t\t<\/div>\n\t\t\t\t\t\t\t\t<\/div>\n\t\t\t\t\t<\/div>\n\t\t<\/section>\n\t\t\t\t\t\t<\/div>\n\t\t\t\t\t\t<\/div>\n\t\t\t\t\t<\/div>\n\t\t","protected":false},"excerpt":{"rendered":"<p>Ricerche e approfondimenti studi Ricerche e approfondimenti Apprendere ad apprendere MATES Manager per la Transizione Sostenibile MADE Competence Center I4.0 Biblioteca Multimediale La library delle competenze digitali Digital Divide Ripensarsi Manager nell&#8217;era Digitale Audiolibro Oltre il cliente: le parti interessate &#8211; Dall&#8217;ascolto al passaparola Archivio Le nostre pubblicazioni Politiche comunitarie e nazionali sono concordi nel.<\/p>\n","protected":false},"author":1,"featured_media":0,"parent":0,"menu_order":0,"comment_status":"closed","ping_status":"closed","template":"","meta":{"footnotes":""},"_links":{"self":[{"href":"https:\/\/www.myecole.it\/ooc\/wp-json\/wp\/v2\/pages\/389"}],"collection":[{"href":"https:\/\/www.myecole.it\/ooc\/wp-json\/wp\/v2\/pages"}],"about":[{"href":"https:\/\/www.myecole.it\/ooc\/wp-json\/wp\/v2\/types\/page"}],"author":[{"embeddable":true,"href":"https:\/\/www.myecole.it\/ooc\/wp-json\/wp\/v2\/users\/1"}],"replies":[{"embeddable":true,"href":"https:\/\/www.myecole.it\/ooc\/wp-json\/wp\/v2\/comments?post=389"}],"version-history":[{"count":0,"href":"https:\/\/www.myecole.it\/ooc\/wp-json\/wp\/v2\/pages\/389\/revisions"}],"wp:attachment":[{"href":"https:\/\/www.myecole.it\/ooc\/wp-json\/wp\/v2\/media?parent=389"}],"curies":[{"name":"wp","href":"https:\/\/api.w.org\/{rel}","templated":true}]}}